{"id":3,"date":"2022-07-26T14:49:03","date_gmt":"2022-07-26T12:49:03","guid":{"rendered":"https:\/\/www.ivanaioriolistica.com\/home\/?page_id=3"},"modified":"2022-12-16T19:20:17","modified_gmt":"2022-12-16T18:20:17","slug":"privacy-policy","status":"publish","type":"page","link":"https:\/\/www.ivanaioriolistica.com\/home\/privacy-policy\/","title":{"rendered":"Privacy Policy"},"content":{"rendered":"<div class=\"fusion-fullwidth fullwidth-box fusion-builder-row-1 fusion-flex-container nonhundred-percent-fullwidth non-hundred-percent-height-scrolling\" style=\"background-color: rgba(255,255,255,0);background-position: center center;background-repeat: no-repeat;border-width: 0px 0px 0px 0px;border-color:var(--awb-color7);border-style:solid;\" ><div class=\"fusion-builder-row fusion-row fusion-flex-align-items-flex-start\" style=\"max-width:1185.6px;margin-left: calc(-4% \/ 2 );margin-right: calc(-4% \/ 2 );\"><div class=\"fusion-layout-column fusion_builder_column fusion-builder-column-0 fusion_builder_column_1_1 1_1 fusion-flex-column\"><div class=\"fusion-column-wrapper fusion-flex-justify-content-flex-start fusion-content-layout-column\" style=\"background-position:left top;background-repeat:no-repeat;-webkit-background-size:cover;-moz-background-size:cover;-o-background-size:cover;background-size:cover;padding: 0px 0px 0px 0px;\"><div class=\"fusion-text fusion-text-1\"><p>Gentile Utente, ti ringraziamo per aver visitato il nostro sito.<\/p>\n<p>Nel prosieguo della pagina ti descriviamo le modalit\u00e0 di gestione del sito in riferimento al trattamento dei dati personali degli utenti che lo consultano.<\/p>\n<h4 data-fontsize=\"20\" data-lineheight=\"30px\" class=\"fusion-responsive-typography-calculated\" style=\"--fontSize:20; line-height: 1.5; --minFontSize:20;\">PERCH\u00c8 QUESTO AVVISO<\/h4>\n<p>Si tratta di un\u2019informativa resa anche ai sensi dell\u2019art. 13 del D.lgs. n. 196\/03 (Codice in materia di protezione dei dati personali) e art. 13 e 14 del Regolamento Europeo 679\/2016 (di seguito anche \u201cGDPR\u201d) a coloro che interagiscono con i servizi web direttamente forniti dalla Societ\u00e0.<br \/>L\u2019informativa \u00e8 resa per il presente sito e non anche per altri siti web eventualmente consultati dall\u2019utente tramite link. L\u2019informativa si ispira alla raccomandazione n. 2\/2001 che le autorit\u00e0 europee per la protezione dei dati personali, riunite nel Gruppo istituito dall\u2019art. 29 della direttiva n. 95\/46\/CE, hanno adottato il 17 maggio 2001 per individuare alcuni requisiti minimi per la raccolta di dati personali on-line, e, in particolare, le modalit\u00e0, i tempi e la natura delle informazioni che i titolari del trattamento devono fornire agli utenti quando questi si collegano a pagine web, indipendentemente dagli scopi del collegamento. Ti invitiamo quindi a prendere visione della nostra Politica di Privacy, di seguito illustrata.<\/p>\n<p>La Politica e gli Standard di Privacy utilizzati per la protezione dei dati personali sono fondati sui seguenti principi:<\/p>\n<h4 data-fontsize=\"20\" data-lineheight=\"30px\" class=\"fusion-responsive-typography-calculated\" style=\"--fontSize:20; line-height: 1.5; --minFontSize:20;\">TITOLARE DEL TRATTAMENTO<\/h4>\n<p>Il titolare del trattamento dati \u00e8 indicato nel footer del presente sito accanto alla dicitura Copyright, Ivana Iori Olistica del Benessere.<\/p>\n<h4 data-fontsize=\"20\" data-lineheight=\"30px\" class=\"fusion-responsive-typography-calculated\" style=\"--fontSize:20; line-height: 1.5; --minFontSize:20;\">PRINCIPIO DI RESPONSABILIT\u00c0<\/h4>\n<p>Il trattamento di dati personali \u00e8 gestito nel tempo da responsabili individuati all\u2019interno dell\u2019organizzazione aziendale.<\/p>\n<h4 data-fontsize=\"20\" data-lineheight=\"30px\" class=\"fusion-responsive-typography-calculated\" style=\"--fontSize:20; line-height: 1.5; --minFontSize:20;\">PRINCIPIO DI TRASPARENZA<\/h4>\n<p>I dati personali sono raccolti e successivamente trattati secondo i principi espressi nella presente Policy Privacy. Al momento dell\u2019eventuale conferimento dei dati viene fornita all\u2019interessato un\u2019informativa, sintetica ma completa, secondo quanto previsto dall\u2019art. 13 del D.lgs. n. 196\/03 e dall\u2019art. 13 e 14 del GDPR.<\/p>\n<h4 data-fontsize=\"20\" data-lineheight=\"30px\" class=\"fusion-responsive-typography-calculated\" style=\"--fontSize:20; line-height: 1.5; --minFontSize:20;\">PRINCIPIO DI PERTINENZA DELLA RACCOLTA<\/h4>\n<p>I dati personali sono trattati in modo lecito e secondo correttezza; sono registrati per scopi determinati, espliciti e legittimi; sono pertinenti e non eccedenti le finalit\u00e0 del trattamento; sono conservati per il tempo necessario agli scopi della raccolta.<\/p>\n<h4 data-fontsize=\"20\" data-lineheight=\"30px\" class=\"fusion-responsive-typography-calculated\" style=\"--fontSize:20; line-height: 1.5; --minFontSize:20;\">PRINCIPIO DI FINALIT\u00c0 DELL\u2019UTILIZZO<\/h4>\n<p>Le finalit\u00e0 del trattamento dei dati personali sono rese note agli interessati al momento della raccolta. Eventuali nuovi trattamenti di dati, se estranei agli scopi dichiarati, sono attivati previa nuova informativa all\u2019interessato ed eventuale richiesta di consenso, quando richiesto dal D.lgs. n. 196\/03 e dal GDPR. In ogni caso, i dati personali non sono comunicati a terzi o diffusi senza il preventivo consenso dell\u2019interessato, salvo nei casi espressamente indicati dall\u2019art. 24 del D.lgs. n.196\/03 e dal GDPR.<\/p>\n<h4 data-fontsize=\"20\" data-lineheight=\"30px\" class=\"fusion-responsive-typography-calculated\" style=\"--fontSize:20; line-height: 1.5; --minFontSize:20;\">PRINCIPIO DI VERIFICABILIT\u00c0<\/h4>\n<p>I dati personali sono esatti ed aggiornati nel tempo. Sono altres\u00ec organizzati e conservati in modo che sia data all\u2019interessato la possibilit\u00e0 di conoscere, se lo desidera, quali dati sono stati raccolti e registrati, nonch\u00e9 di controllarne la qualit\u00e0 e richiederne l\u2019eventuale correzione, integrazione, cancellazione per violazione di legge od opposizione al trattamento e di esercitare tutti gli altri diritti, ai sensi e nei limiti dell\u2019art. 7 del D.lgs. n. 196\/03 e art. 15 e ss. del GDPR, presso gli indirizzi indicati nelle Informative ex art. 13 del D.lgs. n. 196\/03 e ex art. 13 e 14 del GDPR presenti nel sito della Societ\u00e0.<\/p>\n<h4 data-fontsize=\"20\" data-lineheight=\"30px\" class=\"fusion-responsive-typography-calculated\" style=\"--fontSize:20; line-height: 1.5; --minFontSize:20;\">PRINCIPIO DI SICUREZZA<\/h4>\n<p>I dati personali sono protetti da misure di sicurezza tecniche, informatiche, organizzative, logistiche e procedurali, contro i rischi di distruzione o perdita, anche accidentale, e di accesso non autorizzato o di trattamento non consentito.<br \/>Tali misure sono aggiornate periodicamente in base al progresso tecnico, alla natura dei dati e alle specifiche caratteristiche del trattamento, controllate costantemente e verificate nel tempo. Le terze parti che svolgono attivit\u00e0 di supporto di qualsiasi tipo per l\u2019erogazione dei servizi richiesti da parte della Societ\u00e0, in relazione ai quali eseguono operazioni di trattamento di dati personali, sono da quest\u2019ultime designate Responsabili del Trattamento e sono contrattualmente vincolate al rispetto delle misure per la sicurezza e la riservatezza dei trattamenti. L\u2019identit\u00e0 di dette terze parti \u00e8 resa nota agli utenti.<\/p>\n<p>La Societ\u00e0 non si assume inoltre alcuna responsabilit\u00e0 su:<\/p>\n<ol>\n<li>le regole e modalit\u00e0 di gestione dei dati personali di altri siti Web, raggiungibili dalle nostre pagine attraverso collegamenti e rimandi;<\/li>\n<li>i contenuti di eventuali servizi di e-mail, spazi Web, chat forum forniti agli utenti.<\/li>\n<\/ol>\n<p>I trattamenti connessi ai servizi web offerti da questo sito hanno luogo presso la Societ\u00e0, ed eventualmente presso le sedi dei Responsabili del Trattamento e sono curati da incaricati del trattamento preposti alla gestione dei servizi richiesti, alle attivit\u00e0 di marketing \u2013 ove richieste dall\u2019utente \u2013 alle attivit\u00e0 di conservazione dati e di occasionali operazioni di manutenzione.<\/p>\n<h4 data-fontsize=\"20\" data-lineheight=\"30px\" class=\"fusion-responsive-typography-calculated\" style=\"--fontSize:20; line-height: 1.5; --minFontSize:20;\">AMBITO DI COMUNICAZIONE DEI DATI<\/h4>\n<p>I dati personali conferiti potranno essere comunicati a terzi soggetti per adempiere ad obblighi di legge, in esecuzione di ordini provenienti da pubbliche autorit\u00e0 a ci\u00f2 legittimate ovvero ancora per fare valere o difendere un diritto in sede giudiziaria. Se necessario in relazione a particolari servizi o prodotti richiesti, i dati personali potranno essere comunicati a terzi soggetti che svolgono, in qualit\u00e0 di autonomi titolari del trattamento, funzioni strettamente connesse e strumentali alla prestazione dei servizi o fornitura dei prodotti. Senza la comunicazione, questi servizi e prodotti non potrebbero essere forniti. I dati personali non saranno diffusi, salvo che il servizio richiesto lo richieda.<\/p>\n<h4 data-fontsize=\"20\" data-lineheight=\"30px\" class=\"fusion-responsive-typography-calculated\" style=\"--fontSize:20; line-height: 1.5; --minFontSize:20;\">DATI FORNITI VOLONTARIAMENTE DALL\u2019UTENTE<\/h4>\n<p>Le tipologie di dati personali raccolti e trattati nel presente sito sono quelle necessarie alla erogazione dei vari servizi forniti. I dati raccolti sono trattati con modalit\u00e0 cartacee, automatizzate e telematiche e con logiche strettamente correlate alle finalit\u00e0 del trattamento. Per offrirti i servizi potranno essere utilizzati anche il tuo numero di telefono il tuo indirizzo e-mail. E\u2019 quindi evidente che, qualora tali dati non fossero conferiti, non ti potranno essere forniti quei servizi che richiedono l\u2019uso di questi strumenti. L\u2019eventuale invio volontario di posta elettronica agli indirizzi indicati nel sito comporta l\u2019acquisizione dell\u2019indirizzo del mittente nonch\u00e9 di eventuali altre informazioni contenute nel messaggio; tali dati personali saranno utilizzati al solo fine di eseguire il servizio o la prestazione richiesta.<\/p>\n<h4 data-fontsize=\"20\" data-lineheight=\"30px\" class=\"fusion-responsive-typography-calculated\" style=\"--fontSize:20; line-height: 1.5; --minFontSize:20;\">DATI DI NAVIGAZIONE<\/h4>\n<p>\u00c8 utile conoscere che le procedure software del sito acquisiscono, nel corso del loro normale esercizio, alcuni dati personali la cui trasmissione \u00e8 implicita nell\u2019uso dei protocolli di comunicazione di internet. Pur essendo informazioni non destinate ad essere associate a utenti identificati, per loro natura, se associate ad altri dati detenuti da terzi (ad es. il suo internet service provider), potrebbero permettere l\u2019identificazione degli utenti. In questa categoria di dati rientrano gli indirizzi IP o i nomi a dominio dei computer utilizzati dagli utenti che si connettono al sito, gli indirizzi in notazione URL (Uniform Resource Locator) delle risorse richieste, l\u2019orario della richiesta, il metodo utilizzato nel sottoporre la richiesta al server, la dimensione del file ottenuto in risposta, il codice numerico indicante lo stato della risposta data dal server (buon fine, errore, ecc.) ed altri parametri relativi al sistema operativo e all\u2019ambiente informatico dell\u2019utente. Questi dati sono utilizzati ai soli fini di statistiche anonime sull\u2019uso del sito e per controllarne il corretto funzionamento. Il Titolare del trattamento e, a seconda del servizio richiesto, i Responsabili designati conservano, per un periodo limitato secondo le norme di legge, il tracciato (LOG) delle connessioni\/navigazioni effettuate per rispondere alle eventuali richieste provenienti dall\u2019autorit\u00e0 giudiziaria o da altro organo pubblico legittimato a richiedere detto tracciato per l\u2019accertamento di eventuali responsabilit\u00e0 in caso di reati informatici.<br \/>A parte quanto specificato per i dati di navigazione, l\u2019utente \u00e8 libero di conferire o meno i dati personali richiesti nel form di registrazione ai servizi. Su tale form peraltro alcuni dati possono essere contrassegnati come obbligatori; si deve intendere che tali dati sono necessari per l\u2019erogazione del servizio richiesto. Qualora non vengano conferiti questi dati il servizio richiesto non potr\u00e0 essere erogato.<br \/>Al momento dell\u2019eventuale conferimento dei dati, secondo quanto previsto dall\u2019art. 13 del D.lgs. n. 196\/03 e dagli art. 13 e 14 del GDPR, viene fornita all\u2019interessato un\u2019informativa, sintetica ma completa e trasparente, sulle finalit\u00e0 e modalit\u00e0 dei trattamenti, sul carattere obbligatorio o facoltativo del conferimento dei dati, sulle conseguenze del mancato conferimento, sui soggetti o sulle categorie di soggetti cui i dati personali possono essere comunicati e l\u2019ambito di diffusione dei dati medesimi, sui diritti di cui all\u2019art. 7 del D.lgs. n. 196\/03 e art. 15 e ss del GDPR (accesso, integrazione, aggiornamento, correzione, cancellazione per violazione di legge, opposizione al trattamento, ecc.), sull\u2019identit\u00e0 e sulla sede del Titolare e dei Responsabili del Trattamento. L\u2019interessato \u00e8 quindi chiamato ad esprimere il suo consenso informato, libero, espresso in forma specifica e documentato nella forma prevista dalla legge, ove richiesto dalla medesima. Qualora i conferimenti di dati personali avvengano in fasi successive, potranno essere fornite integrazioni alle informative gi\u00e0 rese in precedenza e richiesti nuovi consensi al trattamento disposti dal Codice Privacy e dal GDPR.<\/p>\n<h4 data-fontsize=\"20\" data-lineheight=\"30px\" class=\"fusion-responsive-typography-calculated\" style=\"--fontSize:20; line-height: 1.5; --minFontSize:20;\">MISURE DI SICUREZZA ADOTTATE PER LA TUTELA DEI DATI RACCOLTI<\/h4>\n<p>La Societ\u00e0 utilizza architetture e tecnologie \u201csicure\u201d per proteggere i dati personali contro l\u2019indebita divulgazione, alterazione od uso improprio. Le protezioni attivate nei confronti dei dati personali si propongono, in particolare, di ridurre al minimo i rischi di distruzione o di perdita, anche accidentale, dei dati, di accesso non autorizzato o di trattamento non consentito o non conforme alle finalit\u00e0 della raccolta. Dette misure di sicurezza rispondono ovviamente ai requisiti minimi indicati dal Legislatore (Disciplinare Tecnico in materia di misure minime di sicurezza di cui agli artt. da 33 a 36 del D.lgs. n. 196\/03). I soggetti cui si riferiscono i dati personali hanno il diritto in qualunque momento di ottenere la conferma dell\u2019esistenza o meno dei medesimi dati e di conoscerne il contenuto e l\u2019origine, verificarne l\u2019esattezza o chiederne l\u2019integrazione o l\u2019aggiornamento, oppure la rettificazione (art. 7 del D.lgs. n. 196\/03 e art. 16 del GDPR). Ai sensi del medesimo articolo l\u2019interessato ha il diritto di chiedere la cancellazione, la trasformazione in forma anonima o il blocco dei dati trattati in violazione di legge, nonch\u00e8 di opporsi in ogni caso, per motivi legittimi, al loro trattamento. Le richieste vanno rivolte ai recapiti della Societ\u00e0 indicati nel footer del sito.<\/p>\n<\/p>\n<p><strong><br \/><\/strong><\/p>\n<\/p>\n<p><strong data-fusion-font=\"true\" style=\"font-size: 30px;\">Cosa sono i cookie:<\/strong><\/p>\n<p>Il cookie \u00e8 un piccolo file di testo (pochi byte) scambiato tra un sito internet ed il suo browser e normalmente utilizzato dal gestore del sito internet per memorizzare le informazioni necessarie a migliorare la navigazione all\u2019interno del sito.<br \/><strong>Le tipologie di cookie che vengono usati su questo sito:<\/strong><\/p>\n<table cellspacing=\"1\" cellpadding=\"2\">\n<colgroup>\n<col width=\"247\">\n<col><\/colgroup>\n<tbody>\n<tr>\n<td width=\"247\" height=\"30\"><strong>TIPOLOGIA DI COOKIE<\/strong><\/td>\n<td><strong>FUNZIONE<\/strong><\/td>\n<\/tr>\n<tr>\n<td width=\"247\" height=\"122\">Cookie di navigazione<\/td>\n<td>Questi cookie permettono al sito di funzionare correttamente. Dopo aver creato l\u2019account ti permettono di effettuare il login e gestire il tuo profilo in tutte le sue aree (cookie identificativi di sessione, timestamp). Se sei un utente registrato, grazie ai cookie il sito potr\u00e0 riconoscerti come tale quando accederai ai servizi offerti agli utenti registrati.<\/td>\n<\/tr>\n<tr>\n<td width=\"247\" height=\"120\">Cookie Funzionali<\/td>\n<td>Questi cookie permettono al sito di riconoscerti ogni volta che accedi al sito.<br \/>Se hai scelto di aggiungere articoli al tuo carrello e non gli eliminerai, chiudendo la sessione senza effettuare l\u2019acquisto, questi ti cookie ti consentiranno di ricevere email con il dettaglio del tuo carrello e dei codici promozionali ad hoc e inoltre, consentono di offrire un servizio migliore e personalizzato come esempio si genera se l\u2019utente non vuole pi\u00f9 visualizzare la popup cattura email, o se ha lasciato un commento al blog o ad un articolo, oppure ricordare il voto ad un articolo.<\/td>\n<\/tr>\n<tr>\n<td width=\"247\" height=\"5\">Cookie Analitici<\/td>\n<td>Questi cookie sono utilizzati da Google Analytics e dal motore di ricerca interno, per elaborare analisi statistiche sulle modalit\u00e0 di navigazione degli utenti sul sito attraverso i computer sul numero di pagine visitate o il numero di click effettuati su una pagina durante la navigazione del sito, nonch\u00e9 rapporti sui dati demografici (come ad esempio sesso, et\u00e0 e interessi).Vengono utilizzati per raccogliere dati sul modo in cui i visitatori (non solo coloro che sono registrati) utilizzano il sito e dunque consentirci di migliorarne l\u2019aspetto e la navigazione.<\/td>\n<\/tr>\n<tr>\n<td width=\"247\" height=\"5\">Cookie Social<\/td>\n<td>Questi cookie sono utilizzati per ricordare un eventuale sharing o tua azione sul sito (ad esempio Mi Piace su un articolo)<\/td>\n<\/tr>\n<tr>\n<td width=\"247\" height=\"5\">Cookie transazionali<\/td>\n<td>Questo cookie sono utilizzati attraverso sistemi automatizzati senza l\u2019intervento di un operatore (art.13 2009\/136\/CE) ai fine della commercializzazione diretta dei propri prodotti o servizi, ed \u00e8 consentita solo agli utenti registrati al sito.<\/td>\n<\/tr>\n<tr>\n<td width=\"247\" height=\"5\">Cookie per pubblicit\u00e0 display<\/td>\n<td>Per gli annunci pubblicitari sul nostro Sito utilizziamo talvolta societ\u00e0 pubblicitarie indipendenti. Queste societ\u00e0 possono riconoscere o inserire uno specifico cookie nel vostro computer o dispositivo portatile. Questi cookies vengono usati per inviarvi gli annunci per voi pi\u00f9 rilevanti e pi\u00f9 rispondenti ai vostri interessi. Sono inoltre impiegati per limitare la frequenza con cui vi viene proposto un annuncio, nonch\u00e9 come ausilio per misurare l\u2019efficacia di una campagna pubblicitaria. Essi memorizzano che avete visitato un sito e questa informazione viene condivisa con altre organizzazioni, come le aziende pubblicitarie. Le funzioni di Google Analytics implementate in base alla pubblicit\u00e0 display (ad esempio remarketing, rapporti sulle impressioni della Rete Display di Google, integrazione di DoubleClick Campaign Manager o rapporti sui dati demografici e sugli interessi di Google Analytics ed anche quelli previsti da terze parti).Utilizzando le <a href=\"https:\/\/www.google.it\/settings\/ads\">Impostazioni annunci<\/a>, i visitatori possono disattivare Google Analytics per la pubblicit\u00e0 display e personalizzare gli annunci per la Rete Display di Google.<\/td>\n<\/tr>\n<tr>\n<td width=\"247\" height=\"4\">Cookie di google e terze parti per marketing\/retargeting<\/td>\n<td>Questi cookie sono utilizzati da fornitori terzi che ti permettono di visualizzare banner pubblicitari su altri siti affiliati, mostrandoti gli ultimi prodotti che hai guardato sul sito. Per svolgere tale attivit\u00e0 di promozione, utilizziamo sia cookie proprietari (come il cookie di Google Analytics) sia cookie di terze parti.<\/td>\n<\/tr>\n<\/tbody>\n<\/table>\n<p><a name=\"_GoBack\"><\/a><strong>I cookie possono essere disabilitati:<\/strong><br \/>La maggior parte dei browser (Internet Explorer, Firefox, etc.) sono configurati per accettare i cookie. Tuttavia, la maggior parte dei browser permette di controllare e anche disabilitare i cookie attraverso le impostazioni del browser. Ti ricordiamo per\u00f2 che disabilitare i cookie di navigazione o quelli funzionali pu\u00f2 causare il malfunzionamento del sito e\/o limitare il servizio offerto dal presente sito.<\/p>\n<\/div><\/div><style type=\"text\/css\">.fusion-body .fusion-builder-column-0{width:100% !important;margin-top : 0px;margin-bottom : 0px;}.fusion-builder-column-0 > .fusion-column-wrapper {padding-top : 0px !important;padding-right : 0px !important;margin-right : 1.92%;padding-bottom : 0px !important;padding-left : 0px !important;margin-left : 1.92%;}@media only screen and (max-width:1024px) {.fusion-body .fusion-builder-column-0{width:100% !important;}.fusion-builder-column-0 > .fusion-column-wrapper {margin-right : 1.92%;margin-left : 1.92%;}}@media only screen and (max-width:640px) {.fusion-body .fusion-builder-column-0{width:100% !important;}.fusion-builder-column-0 > .fusion-column-wrapper {margin-right : 1.92%;margin-left : 1.92%;}}<\/style><\/div><\/div><style type=\"text\/css\">.fusion-body .fusion-flex-container.fusion-builder-row-1{ padding-top : ;margin-top : 0px;padding-right : ;padding-bottom : ;margin-bottom : 0px;padding-left : ;}<\/style><\/div>\n","protected":false},"excerpt":{"rendered":"","protected":false},"author":1,"featured_media":0,"parent":0,"menu_order":0,"comment_status":"closed","ping_status":"open","template":"","meta":{"_EventAllDay":false,"_EventTimezone":"","_EventStartDate":"","_EventEndDate":"","_EventStartDateUTC":"","_EventEndDateUTC":"","_EventShowMap":false,"_EventShowMapLink":false,"_EventURL":"","_EventCost":"","_EventCostDescription":"","_EventCurrencySymbol":"","_EventCurrencyCode":"","_EventCurrencyPosition":"","_EventDateTimeSeparator":"","_EventTimeRangeSeparator":"","_EventOrganizerID":[],"_EventVenueID":[],"_OrganizerEmail":"","_OrganizerPhone":"","_OrganizerWebsite":"","_VenueAddress":"","_VenueCity":"","_VenueCountry":"","_VenueProvince":"","_VenueState":"","_VenueZip":"","_VenuePhone":"","_VenueURL":"","_VenueStateProvince":"","_VenueLat":"","_VenueLng":"","_VenueShowMap":false,"_VenueShowMapLink":false,"_themeisle_gutenberg_block_has_review":false,"footnotes":""},"class_list":["post-3","page","type-page","status-publish","hentry"],"yoast_head":"<!-- This site is optimized with the Yoast SEO plugin v25.2 - https:\/\/yoast.com\/wordpress\/plugins\/seo\/ -->\n<title>Privacy Policy - Ivana Iori Olistica del Benessere - Massaggi Olbia<\/title>\n<meta name=\"robots\" content=\"index, follow, max-snippet:-1, max-image-preview:large, max-video-preview:-1\" \/>\n<link rel=\"canonical\" href=\"https:\/\/www.ivanaioriolistica.com\/home\/privacy-policy\/\" \/>\n<meta property=\"og:locale\" content=\"it_IT\" \/>\n<meta property=\"og:type\" content=\"article\" \/>\n<meta property=\"og:title\" content=\"Privacy Policy - Ivana Iori Olistica del Benessere - Massaggi Olbia\" \/>\n<meta property=\"og:url\" content=\"https:\/\/www.ivanaioriolistica.com\/home\/privacy-policy\/\" \/>\n<meta property=\"og:site_name\" content=\"Ivana Iori Olistica del Benessere - Massaggi Olbia\" \/>\n<meta property=\"article:modified_time\" content=\"2022-12-16T18:20:17+00:00\" \/>\n<meta name=\"twitter:card\" content=\"summary_large_image\" \/>\n<meta name=\"twitter:label1\" content=\"Tempo di lettura stimato\" \/>\n\t<meta name=\"twitter:data1\" content=\"13 minuti\" \/>\n<script type=\"application\/ld+json\" class=\"yoast-schema-graph\">{\"@context\":\"https:\/\/schema.org\",\"@graph\":[{\"@type\":\"WebPage\",\"@id\":\"https:\/\/www.ivanaioriolistica.com\/home\/privacy-policy\/\",\"url\":\"https:\/\/www.ivanaioriolistica.com\/home\/privacy-policy\/\",\"name\":\"Privacy Policy - Ivana Iori Olistica del Benessere - Massaggi Olbia\",\"isPartOf\":{\"@id\":\"https:\/\/www.ivanaioriolistica.com\/home\/#website\"},\"datePublished\":\"2022-07-26T12:49:03+00:00\",\"dateModified\":\"2022-12-16T18:20:17+00:00\",\"breadcrumb\":{\"@id\":\"https:\/\/www.ivanaioriolistica.com\/home\/privacy-policy\/#breadcrumb\"},\"inLanguage\":\"it-IT\",\"potentialAction\":[{\"@type\":\"ReadAction\",\"target\":[\"https:\/\/www.ivanaioriolistica.com\/home\/privacy-policy\/\"]}]},{\"@type\":\"BreadcrumbList\",\"@id\":\"https:\/\/www.ivanaioriolistica.com\/home\/privacy-policy\/#breadcrumb\",\"itemListElement\":[{\"@type\":\"ListItem\",\"position\":1,\"name\":\"Home\",\"item\":\"https:\/\/www.ivanaioriolistica.com\/home\/\"},{\"@type\":\"ListItem\",\"position\":2,\"name\":\"Privacy Policy\"}]},{\"@type\":\"WebSite\",\"@id\":\"https:\/\/www.ivanaioriolistica.com\/home\/#website\",\"url\":\"https:\/\/www.ivanaioriolistica.com\/home\/\",\"name\":\"Ivana Iori Olistica del Benessere - Massaggi Olbia\",\"description\":\"Riequilibrio Energetico e Benessere Psicofisico\",\"potentialAction\":[{\"@type\":\"SearchAction\",\"target\":{\"@type\":\"EntryPoint\",\"urlTemplate\":\"https:\/\/www.ivanaioriolistica.com\/home\/?s={search_term_string}\"},\"query-input\":{\"@type\":\"PropertyValueSpecification\",\"valueRequired\":true,\"valueName\":\"search_term_string\"}}],\"inLanguage\":\"it-IT\"}]}<\/script>\n<!-- \/ Yoast SEO plugin. -->","yoast_head_json":{"title":"Privacy Policy - Ivana Iori Olistica del Benessere - Massaggi Olbia","robots":{"index":"index","follow":"follow","max-snippet":"max-snippet:-1","max-image-preview":"max-image-preview:large","max-video-preview":"max-video-preview:-1"},"canonical":"https:\/\/www.ivanaioriolistica.com\/home\/privacy-policy\/","og_locale":"it_IT","og_type":"article","og_title":"Privacy Policy - Ivana Iori Olistica del Benessere - Massaggi Olbia","og_url":"https:\/\/www.ivanaioriolistica.com\/home\/privacy-policy\/","og_site_name":"Ivana Iori Olistica del Benessere - Massaggi Olbia","article_modified_time":"2022-12-16T18:20:17+00:00","twitter_card":"summary_large_image","twitter_misc":{"Tempo di lettura stimato":"13 minuti"},"schema":{"@context":"https:\/\/schema.org","@graph":[{"@type":"WebPage","@id":"https:\/\/www.ivanaioriolistica.com\/home\/privacy-policy\/","url":"https:\/\/www.ivanaioriolistica.com\/home\/privacy-policy\/","name":"Privacy Policy - Ivana Iori Olistica del Benessere - Massaggi Olbia","isPartOf":{"@id":"https:\/\/www.ivanaioriolistica.com\/home\/#website"},"datePublished":"2022-07-26T12:49:03+00:00","dateModified":"2022-12-16T18:20:17+00:00","breadcrumb":{"@id":"https:\/\/www.ivanaioriolistica.com\/home\/privacy-policy\/#breadcrumb"},"inLanguage":"it-IT","potentialAction":[{"@type":"ReadAction","target":["https:\/\/www.ivanaioriolistica.com\/home\/privacy-policy\/"]}]},{"@type":"BreadcrumbList","@id":"https:\/\/www.ivanaioriolistica.com\/home\/privacy-policy\/#breadcrumb","itemListElement":[{"@type":"ListItem","position":1,"name":"Home","item":"https:\/\/www.ivanaioriolistica.com\/home\/"},{"@type":"ListItem","position":2,"name":"Privacy Policy"}]},{"@type":"WebSite","@id":"https:\/\/www.ivanaioriolistica.com\/home\/#website","url":"https:\/\/www.ivanaioriolistica.com\/home\/","name":"Ivana Iori Olistica del Benessere - Massaggi Olbia","description":"Riequilibrio Energetico e Benessere Psicofisico","potentialAction":[{"@type":"SearchAction","target":{"@type":"EntryPoint","urlTemplate":"https:\/\/www.ivanaioriolistica.com\/home\/?s={search_term_string}"},"query-input":{"@type":"PropertyValueSpecification","valueRequired":true,"valueName":"search_term_string"}}],"inLanguage":"it-IT"}]}},"_links":{"self":[{"href":"https:\/\/www.ivanaioriolistica.com\/home\/wp-json\/wp\/v2\/pages\/3","targetHints":{"allow":["GET"]}}],"collection":[{"href":"https:\/\/www.ivanaioriolistica.com\/home\/wp-json\/wp\/v2\/pages"}],"about":[{"href":"https:\/\/www.ivanaioriolistica.com\/home\/wp-json\/wp\/v2\/types\/page"}],"author":[{"embeddable":true,"href":"https:\/\/www.ivanaioriolistica.com\/home\/wp-json\/wp\/v2\/users\/1"}],"replies":[{"embeddable":true,"href":"https:\/\/www.ivanaioriolistica.com\/home\/wp-json\/wp\/v2\/comments?post=3"}],"version-history":[{"count":8,"href":"https:\/\/www.ivanaioriolistica.com\/home\/wp-json\/wp\/v2\/pages\/3\/revisions"}],"predecessor-version":[{"id":1693,"href":"https:\/\/www.ivanaioriolistica.com\/home\/wp-json\/wp\/v2\/pages\/3\/revisions\/1693"}],"wp:attachment":[{"href":"https:\/\/www.ivanaioriolistica.com\/home\/wp-json\/wp\/v2\/media?parent=3"}],"curies":[{"name":"wp","href":"https:\/\/api.w.org\/{rel}","templated":true}]}}