{"id":311,"date":"2019-10-28T08:29:35","date_gmt":"2019-10-28T08:29:35","guid":{"rendered":"https:\/\/www.ivanaioriolistica.com\/home\/?page_id=311"},"modified":"2023-01-16T17:48:18","modified_gmt":"2023-01-16T16:48:18","slug":"blog","status":"publish","type":"page","link":"https:\/\/www.ivanaioriolistica.com\/home\/blog\/","title":{"rendered":"Blog"},"content":{"rendered":"<p><div class=\"fusion-fullwidth fullwidth-box fusion-builder-row-1 fusion-flex-container fusion-parallax-none nonhundred-percent-fullwidth non-hundred-percent-height-scrolling lazyload\" style=\"background-color: rgba(255,255,255,0);background-image:linear-gradient(0deg, hsla(var(--awb-color5-h),var(--awb-color5-s),var(--awb-color5-l),calc(var(--awb-color5-a) - 20%)) 0%,hsla(var(--awb-color5-h),var(--awb-color5-s),calc(var(--awb-color5-l) - 20%),calc(var(--awb-color5-a) - 55%)) 0%);background-position: center top;background-repeat: no-repeat;border-width: 0px 0px 0px 0px;border-color:var(--awb-color7);border-style:solid;-webkit-background-size:cover;-moz-background-size:cover;-o-background-size:cover;background-size:cover;\" data-bg=\"https:\/\/www.ivanaioriolistica.com\/home\/wp-content\/uploads\/2022\/12\/Ivana-Iori-Naturopata-consigli-.png\" data-bg-gradient=\"linear-gradient(0deg, hsla(var(--awb-color5-h),var(--awb-color5-s),var(--awb-color5-l),calc(var(--awb-color5-a) - 20%)) 0%,hsla(var(--awb-color5-h),var(--awb-color5-s),calc(var(--awb-color5-l) - 20%),calc(var(--awb-color5-a) - 55%)) 0%)\" ><div class=\"fusion-builder-row fusion-row fusion-flex-align-items-flex-start\" style=\"max-width:calc( 1140px + 0px );margin-left: calc(-0px \/ 2 );margin-right: calc(-0px \/ 2 );\"><div class=\"fusion-layout-column fusion_builder_column fusion-builder-column-0 fusion_builder_column_1_1 1_1 fusion-flex-column fusion-animated\" data-animationType=\"fadeInUp\" data-animationDuration=\"1.0\" data-animationOffset=\"top-into-view\"><div class=\"fusion-column-wrapper fusion-flex-justify-content-flex-start fusion-content-layout-column\" style=\"background-position:center center;background-repeat:no-repeat;-webkit-background-size:cover;-moz-background-size:cover;-o-background-size:cover;background-size:cover;padding: 0px 0px 0px 0px;\"><style type=\"text\/css\">@media only screen and (max-width:1024px) {.fusion-title.fusion-title-1{margin-top:0px!important; margin-right:0px!important;margin-bottom:0px!important;margin-left:0px!important;}}@media only screen and (max-width:640px) {.fusion-title.fusion-title-1{margin-top:0px!important; margin-right:0px!important;margin-bottom:0px!important; margin-left:0px!important;}}<\/style><div class=\"fusion-title title fusion-title-1 fusion-sep-none fusion-title-center fusion-title-text fusion-title-size-one\" style=\"margin-top:0px;margin-right:0px;margin-bottom:0px;margin-left:0px;\"><h1 class=\"title-heading-center fusion-responsive-typography-calculated\" style=\"margin:0;--fontSize:100;line-height:1;\">Consigli Utili<\/h1><\/div><\/div><style type=\"text\/css\">.fusion-body .fusion-builder-column-0{width:100% !important;margin-top : 0px;margin-bottom : 0px;}.fusion-builder-column-0 > .fusion-column-wrapper {padding-top : 0px !important;padding-right : 0px !important;margin-right : 0px;padding-bottom : 0px !important;padding-left : 0px !important;margin-left : 0px;}@media only screen and (max-width:1024px) {.fusion-body .fusion-builder-column-0{width:100% !important;}.fusion-builder-column-0 > .fusion-column-wrapper {margin-right : 0px;margin-left : 0px;}}@media only screen and (max-width:640px) {.fusion-body .fusion-builder-column-0{width:100% !important;}.fusion-builder-column-0 > .fusion-column-wrapper {margin-right : 0px;margin-left : 0px;}}<\/style><\/div><\/div><style type=\"text\/css\">.fusion-body .fusion-flex-container.fusion-builder-row-1{ padding-top : 18%;margin-top : 0px;padding-right : ;padding-bottom : 12%;margin-bottom : 0px;padding-left : ;}<\/style><\/div><div class=\"fusion-fullwidth fullwidth-box fusion-builder-row-2 fusion-flex-container hundred-percent-fullwidth non-hundred-percent-height-scrolling\" style=\"background-color: rgba(255,255,255,0);background-position: center center;background-repeat: no-repeat;border-width: 0px 0px 0px 0px;border-color:var(--awb-color7);border-style:solid;\" ><div class=\"fusion-builder-row fusion-row fusion-flex-align-items-flex-start\" style=\"width:104% !important;max-width:104% !important;margin-left: calc(-4% \/ 2 );margin-right: calc(-4% \/ 2 );\"><div class=\"fusion-layout-column fusion_builder_column fusion-builder-column-1 fusion_builder_column_2_3 2_3 fusion-flex-column fusion-animated\" data-animationType=\"fadeInLeft\" data-animationDuration=\"1.0\" data-animationOffset=\"top-into-view\"><div class=\"fusion-column-wrapper fusion-flex-justify-content-flex-start fusion-content-layout-column\" style=\"background-position:left top;background-repeat:no-repeat;-webkit-background-size:cover;-moz-background-size:cover;-o-background-size:cover;background-size:cover;padding: 6% 6% 6% 6%;\"><div class=\"fusion-blog-shortcode fusion-blog-shortcode-1 fusion-blog-archive fusion-blog-layout-grid-wrapper fusion-blog-no\"><style type=\"text\/css\">.fusion-blog-shortcode-1 .fusion-blog-layout-grid .fusion-post-grid{padding:12px;}.fusion-blog-shortcode-1 .fusion-posts-container{margin-left: -12px !important; margin-right:-12px !important;}<\/style><div class=\"fusion-posts-container fusion-posts-container-no fusion-blog-rollover fusion-blog-layout-grid fusion-blog-layout-grid-2 isotope fusion-blog-equal-heights\" data-pages=\"2\" data-grid-col-space=\"24\" style=\"margin: -12px -12px 0;min-height:500px;\"><article id=\"blog-1-post-2512\" class=\"fusion-post-grid post-2512 post type-post status-publish format-standard has-post-thumbnail hentry category-consigli category-massaggi category-nutrizione-e-benessere\">\n<div class=\"fusion-post-wrapper\" style=\"background-color:rgba(255,255,255,0);border:none;\">\n\n\t\t\t<div class=\"fusion-flexslider flexslider fusion-flexslider-loading fusion-post-slideshow\" style=\"border-color:rgba(235,234,234,0);\">\n\t\t<ul class=\"slides\">\n\t\t\t\n\t\t\t\t\t\t\t\t\t\t\t\t\t\t<li><div  class=\"fusion-image-wrapper\" aria-haspopup=\"true\">\n\t\t\t\t<img decoding=\"async\" width=\"800\" height=\"542\" src=\"https:\/\/www.ivanaioriolistica.com\/home\/wp-content\/uploads\/2026\/04\/naturopatia-purificare-corpo-dopo-inverno-ivana-iori.png\" class=\"attachment-full size-full lazyload wp-post-image\" alt=\"naturopatia-purificare-corpo-dopo-inverno-ivana-iori\" srcset=\"data:image\/svg+xml,%3Csvg%20xmlns%3D%27http%3A%2F%2Fwww.w3.org%2F2000%2Fsvg%27%20width%3D%27800%27%20height%3D%27542%27%20viewBox%3D%270%200%20800%20542%27%3E%3Crect%20width%3D%27800%27%20height%3D%27542%27%20fill-opacity%3D%220%22%2F%3E%3C%2Fsvg%3E\" data-orig-src=\"https:\/\/www.ivanaioriolistica.com\/home\/wp-content\/uploads\/2026\/04\/naturopatia-purificare-corpo-dopo-inverno-ivana-iori.png\" data-srcset=\"https:\/\/www.ivanaioriolistica.com\/home\/wp-content\/uploads\/2026\/04\/naturopatia-purificare-corpo-dopo-inverno-ivana-iori-200x136.png 200w, https:\/\/www.ivanaioriolistica.com\/home\/wp-content\/uploads\/2026\/04\/naturopatia-purificare-corpo-dopo-inverno-ivana-iori-400x271.png 400w, https:\/\/www.ivanaioriolistica.com\/home\/wp-content\/uploads\/2026\/04\/naturopatia-purificare-corpo-dopo-inverno-ivana-iori-600x407.png 600w, https:\/\/www.ivanaioriolistica.com\/home\/wp-content\/uploads\/2026\/04\/naturopatia-purificare-corpo-dopo-inverno-ivana-iori.png 800w\" data-sizes=\"auto\" \/><div class=\"fusion-rollover\">\n\t<div class=\"fusion-rollover-content\">\n\n\t\t\t\t\n\t\t\n\t\t\t\t\t\t\t\t\n\t\t\t\t\t\t\t\t\n\t\t\n\t\t\t\t\t\t<a class=\"fusion-link-wrapper\" href=\"https:\/\/www.ivanaioriolistica.com\/home\/come-purificare-il-corpo-dopo-linverno-con-la-naturopatia\/\" aria-label=\"Come purificare il corpo dopo l\u2019inverno con la naturopatia\"><\/a>\n\t<\/div>\n<\/div>\n<\/div>\n<\/li>\n\t\t\t\n\t\t\t\n\t\t\t\t\t\t\t\t\t\t\t\t\t\t\t\t\t\t\t\t\t\t\t\t\t\t\t\t\t\t\t\t\t\t\t\t\t\t\t\t\t\t\t\t\t\t\t\t\t\t\t\t\t\t\t\t\t\t\t\t\t\t\t\t\t\t\t\t<\/ul>\n\t<\/div>\n\t<div class=\"fusion-post-content-wrapper\" style=\"padding:20px 0 0 0;\"><div class=\"fusion-post-content post-content\"><h2 class=\"blog-shortcode-post-title entry-title\"><a href=\"https:\/\/www.ivanaioriolistica.com\/home\/come-purificare-il-corpo-dopo-linverno-con-la-naturopatia\/\">Come purificare il corpo dopo l\u2019inverno con la naturopatia<\/a><\/h2><p class=\"fusion-single-line-meta\"><span class=\"vcard\" style=\"display: none;\"><span class=\"fn\"><a href=\"https:\/\/www.ivanaioriolistica.com\/home\/author\/irene-speretta\/\" title=\"Articoli scritti da Ivana Iori\" rel=\"author\">Ivana Iori<\/a><\/span><\/span><span class=\"updated\" style=\"display:none;\">2026-04-27T14:29:03+02:00<\/span><span>27 Aprile 2026<\/span><span class=\"fusion-inline-sep\">|<\/span>Categorie: <a href=\"https:\/\/www.ivanaioriolistica.com\/home\/category\/consigli\/\" rel=\"category tag\">Consigli<\/a>, <a href=\"https:\/\/www.ivanaioriolistica.com\/home\/category\/massaggi\/\" rel=\"category tag\">Massaggi<\/a>, <a href=\"https:\/\/www.ivanaioriolistica.com\/home\/category\/nutrizione-e-benessere\/\" rel=\"category tag\">Nutrizione e Benessere<\/a><span class=\"fusion-inline-sep\">|<\/span><\/p><div class=\"fusion-content-sep sep-none\" style=\"border-color:rgba(235,234,234,0);\"><\/div><div class=\"fusion-post-content-container\"><p>Arrivare alla fine dell'inverno con una stanchezza che non si spiega del tutto \u00e8 un\u2019esperienza che accomuna molti di noi. Non \u00e8 la stanchezza che passa con una notte di<\/p><\/div><\/div><div class=\"fusion-meta-info\"><div class=\"fusion-alignleft\"><a class=\"fusion-read-more\" href=\"https:\/\/www.ivanaioriolistica.com\/home\/come-purificare-il-corpo-dopo-linverno-con-la-naturopatia\/\" aria-label=\"More on Come purificare il corpo dopo l\u2019inverno con la naturopatia\">Leggi di pi\u00f9<\/a><\/div><\/div><\/div><div class=\"fusion-clearfix\"><\/div><\/div>\n<\/article>\n<article id=\"blog-1-post-2498\" class=\"fusion-post-grid post-2498 post type-post status-publish format-standard has-post-thumbnail hentry category-consigli category-nutrizione-e-benessere category-trattamenti\">\n<div class=\"fusion-post-wrapper\" style=\"background-color:rgba(255,255,255,0);border:none;\">\n\n\t\t\t<div class=\"fusion-flexslider flexslider fusion-flexslider-loading fusion-post-slideshow\" style=\"border-color:rgba(235,234,234,0);\">\n\t\t<ul class=\"slides\">\n\t\t\t\n\t\t\t\t\t\t\t\t\t\t\t\t\t\t<li><div  class=\"fusion-image-wrapper\" aria-haspopup=\"true\">\n\t\t\t\t<img decoding=\"async\" width=\"800\" height=\"542\" src=\"https:\/\/www.ivanaioriolistica.com\/home\/wp-content\/uploads\/2025\/12\/consulenza-naturopatica-regalo-benessere.png\" class=\"attachment-full size-full lazyload wp-post-image\" alt=\"consulenza naturopatica come regalo di benessere con ivana iori\" srcset=\"data:image\/svg+xml,%3Csvg%20xmlns%3D%27http%3A%2F%2Fwww.w3.org%2F2000%2Fsvg%27%20width%3D%27800%27%20height%3D%27542%27%20viewBox%3D%270%200%20800%20542%27%3E%3Crect%20width%3D%27800%27%20height%3D%27542%27%20fill-opacity%3D%220%22%2F%3E%3C%2Fsvg%3E\" data-orig-src=\"https:\/\/www.ivanaioriolistica.com\/home\/wp-content\/uploads\/2025\/12\/consulenza-naturopatica-regalo-benessere.png\" data-srcset=\"https:\/\/www.ivanaioriolistica.com\/home\/wp-content\/uploads\/2025\/12\/consulenza-naturopatica-regalo-benessere-200x136.png 200w, https:\/\/www.ivanaioriolistica.com\/home\/wp-content\/uploads\/2025\/12\/consulenza-naturopatica-regalo-benessere-400x271.png 400w, https:\/\/www.ivanaioriolistica.com\/home\/wp-content\/uploads\/2025\/12\/consulenza-naturopatica-regalo-benessere-600x407.png 600w, https:\/\/www.ivanaioriolistica.com\/home\/wp-content\/uploads\/2025\/12\/consulenza-naturopatica-regalo-benessere.png 800w\" data-sizes=\"auto\" \/><div class=\"fusion-rollover\">\n\t<div class=\"fusion-rollover-content\">\n\n\t\t\t\t\n\t\t\n\t\t\t\t\t\t\t\t\n\t\t\t\t\t\t\t\t\n\t\t\n\t\t\t\t\t\t<a class=\"fusion-link-wrapper\" href=\"https:\/\/www.ivanaioriolistica.com\/home\/5-regali-di-benessere-che-scaldano-lanima\/\" aria-label=\"5 regali di benessere che scaldano l\u2019anima\"><\/a>\n\t<\/div>\n<\/div>\n<\/div>\n<\/li>\n\t\t\t\n\t\t\t\n\t\t\t\t\t\t\t\t\t\t\t\t\t\t\t\t\t\t\t\t\t\t\t\t\t\t\t\t\t\t\t\t\t\t\t\t\t\t\t\t\t\t\t\t\t\t\t\t\t\t\t\t\t\t\t\t\t\t\t\t\t\t\t\t\t\t\t\t<\/ul>\n\t<\/div>\n\t<div class=\"fusion-post-content-wrapper\" style=\"padding:20px 0 0 0;\"><div class=\"fusion-post-content post-content\"><h2 class=\"blog-shortcode-post-title entry-title\"><a href=\"https:\/\/www.ivanaioriolistica.com\/home\/5-regali-di-benessere-che-scaldano-lanima\/\">5 regali di benessere che scaldano l\u2019anima<\/a><\/h2><p class=\"fusion-single-line-meta\"><span class=\"vcard\" style=\"display: none;\"><span class=\"fn\"><a href=\"https:\/\/www.ivanaioriolistica.com\/home\/author\/irene-speretta\/\" title=\"Articoli scritti da Ivana Iori\" rel=\"author\">Ivana Iori<\/a><\/span><\/span><span class=\"updated\" style=\"display:none;\">2025-12-12T20:44:34+01:00<\/span><span>12 Dicembre 2025<\/span><span class=\"fusion-inline-sep\">|<\/span>Categorie: <a href=\"https:\/\/www.ivanaioriolistica.com\/home\/category\/consigli\/\" rel=\"category tag\">Consigli<\/a>, <a href=\"https:\/\/www.ivanaioriolistica.com\/home\/category\/nutrizione-e-benessere\/\" rel=\"category tag\">Nutrizione e Benessere<\/a>, <a href=\"https:\/\/www.ivanaioriolistica.com\/home\/category\/trattamenti\/\" rel=\"category tag\">Trattamenti<\/a><span class=\"fusion-inline-sep\">|<\/span><\/p><div class=\"fusion-content-sep sep-none\" style=\"border-color:rgba(235,234,234,0);\"><\/div><div class=\"fusion-post-content-container\"><p>Ci sono doni che non si scartano, ma che invitano a un\u2019esperienza e aprono uno spazio nuovo dentro di noi. Regalare (o regalarsi) benessere significa scegliere qualcosa che rimane, che<\/p><\/div><\/div><div class=\"fusion-meta-info\"><div class=\"fusion-alignleft\"><a class=\"fusion-read-more\" href=\"https:\/\/www.ivanaioriolistica.com\/home\/5-regali-di-benessere-che-scaldano-lanima\/\" aria-label=\"More on 5 regali di benessere che scaldano l\u2019anima\">Leggi di pi\u00f9<\/a><\/div><\/div><\/div><div class=\"fusion-clearfix\"><\/div><\/div>\n<\/article>\n<article id=\"blog-1-post-2461\" class=\"fusion-post-grid post-2461 post type-post status-publish format-standard has-post-thumbnail hentry category-consigli category-news\">\n<div class=\"fusion-post-wrapper\" style=\"background-color:rgba(255,255,255,0);border:none;\">\n\n\t\t\t<div class=\"fusion-flexslider flexslider fusion-flexslider-loading fusion-post-slideshow\" style=\"border-color:rgba(235,234,234,0);\">\n\t\t<ul class=\"slides\">\n\t\t\t\n\t\t\t\t\t\t\t\t\t\t\t\t\t\t<li><div  class=\"fusion-image-wrapper\" aria-haspopup=\"true\">\n\t\t\t\t<img decoding=\"async\" width=\"800\" height=\"542\" src=\"https:\/\/www.ivanaioriolistica.com\/home\/wp-content\/uploads\/2025\/11\/corso-reiki-ivana-iori-naturopata.png\" class=\"attachment-full size-full lazyload wp-post-image\" alt=\"corso-reiki-ivana-iori-naturopata\" srcset=\"data:image\/svg+xml,%3Csvg%20xmlns%3D%27http%3A%2F%2Fwww.w3.org%2F2000%2Fsvg%27%20width%3D%27800%27%20height%3D%27542%27%20viewBox%3D%270%200%20800%20542%27%3E%3Crect%20width%3D%27800%27%20height%3D%27542%27%20fill-opacity%3D%220%22%2F%3E%3C%2Fsvg%3E\" data-orig-src=\"https:\/\/www.ivanaioriolistica.com\/home\/wp-content\/uploads\/2025\/11\/corso-reiki-ivana-iori-naturopata.png\" data-srcset=\"https:\/\/www.ivanaioriolistica.com\/home\/wp-content\/uploads\/2025\/11\/corso-reiki-ivana-iori-naturopata-200x136.png 200w, https:\/\/www.ivanaioriolistica.com\/home\/wp-content\/uploads\/2025\/11\/corso-reiki-ivana-iori-naturopata-400x271.png 400w, https:\/\/www.ivanaioriolistica.com\/home\/wp-content\/uploads\/2025\/11\/corso-reiki-ivana-iori-naturopata-600x407.png 600w, https:\/\/www.ivanaioriolistica.com\/home\/wp-content\/uploads\/2025\/11\/corso-reiki-ivana-iori-naturopata.png 800w\" data-sizes=\"auto\" \/><div class=\"fusion-rollover\">\n\t<div class=\"fusion-rollover-content\">\n\n\t\t\t\t\n\t\t\n\t\t\t\t\t\t\t\t\n\t\t\t\t\t\t\t\t\n\t\t\n\t\t\t\t\t\t<a class=\"fusion-link-wrapper\" href=\"https:\/\/www.ivanaioriolistica.com\/home\/corsi-reiki-un-viaggio-di-energia-consapevolezza-e-rinascita\/\" aria-label=\"Corsi Reiki: un viaggio di energia, consapevolezza e rinascita\"><\/a>\n\t<\/div>\n<\/div>\n<\/div>\n<\/li>\n\t\t\t\n\t\t\t\n\t\t\t\t\t\t\t\t\t\t\t\t\t\t\t\t\t\t\t\t\t\t\t\t\t\t\t\t\t\t\t\t\t\t\t\t\t\t\t\t\t\t\t\t\t\t\t\t\t\t\t\t\t\t\t\t\t\t\t\t\t\t\t\t\t\t\t\t<\/ul>\n\t<\/div>\n\t<div class=\"fusion-post-content-wrapper\" style=\"padding:20px 0 0 0;\"><div class=\"fusion-post-content post-content\"><h2 class=\"blog-shortcode-post-title entry-title\"><a href=\"https:\/\/www.ivanaioriolistica.com\/home\/corsi-reiki-un-viaggio-di-energia-consapevolezza-e-rinascita\/\">Corsi Reiki: un viaggio di energia, consapevolezza e rinascita<\/a><\/h2><p class=\"fusion-single-line-meta\"><span class=\"vcard\" style=\"display: none;\"><span class=\"fn\"><a href=\"https:\/\/www.ivanaioriolistica.com\/home\/author\/irene-speretta\/\" title=\"Articoli scritti da Ivana Iori\" rel=\"author\">Ivana Iori<\/a><\/span><\/span><span class=\"updated\" style=\"display:none;\">2025-11-28T10:25:09+01:00<\/span><span>19 Novembre 2025<\/span><span class=\"fusion-inline-sep\">|<\/span>Categorie: <a href=\"https:\/\/www.ivanaioriolistica.com\/home\/category\/consigli\/\" rel=\"category tag\">Consigli<\/a>, <a href=\"https:\/\/www.ivanaioriolistica.com\/home\/category\/news\/\" rel=\"category tag\">News<\/a><span class=\"fusion-inline-sep\">|<\/span><\/p><div class=\"fusion-content-sep sep-none\" style=\"border-color:rgba(235,234,234,0);\"><\/div><div class=\"fusion-post-content-container\"><p>Il Reiki \u00e8 una pratica dolce e profonda che aiuta a riequilibrare l\u2019energia vitale. Nei miei corsi Reiki a Olbia, accompagno ogni persona in un viaggio di consapevolezza, per ritrovare<\/p><\/div><\/div><div class=\"fusion-meta-info\"><div class=\"fusion-alignleft\"><a class=\"fusion-read-more\" href=\"https:\/\/www.ivanaioriolistica.com\/home\/corsi-reiki-un-viaggio-di-energia-consapevolezza-e-rinascita\/\" aria-label=\"More on Corsi Reiki: un viaggio di energia, consapevolezza e rinascita\">Leggi di pi\u00f9<\/a><\/div><\/div><\/div><div class=\"fusion-clearfix\"><\/div><\/div>\n<\/article>\n<article id=\"blog-1-post-2446\" class=\"fusion-post-grid post-2446 post type-post status-publish format-standard has-post-thumbnail hentry category-consigli category-nutrizione-e-benessere\">\n<div class=\"fusion-post-wrapper\" style=\"background-color:rgba(255,255,255,0);border:none;\">\n\n\t\t\t<div class=\"fusion-flexslider flexslider fusion-flexslider-loading fusion-post-slideshow\" style=\"border-color:rgba(235,234,234,0);\">\n\t\t<ul class=\"slides\">\n\t\t\t\n\t\t\t\t\t\t\t\t\t\t\t\t\t\t<li><div  class=\"fusion-image-wrapper\" aria-haspopup=\"true\">\n\t\t\t\t<img decoding=\"async\" width=\"800\" height=\"542\" src=\"https:\/\/www.ivanaioriolistica.com\/home\/wp-content\/uploads\/2025\/10\/equilibrio-ormonale-femminile-in-autunno-2.png\" class=\"attachment-full size-full lazyload wp-post-image\" alt=\"equilibrio-ormonale-femminile-in-autunno\" srcset=\"data:image\/svg+xml,%3Csvg%20xmlns%3D%27http%3A%2F%2Fwww.w3.org%2F2000%2Fsvg%27%20width%3D%27800%27%20height%3D%27542%27%20viewBox%3D%270%200%20800%20542%27%3E%3Crect%20width%3D%27800%27%20height%3D%27542%27%20fill-opacity%3D%220%22%2F%3E%3C%2Fsvg%3E\" data-orig-src=\"https:\/\/www.ivanaioriolistica.com\/home\/wp-content\/uploads\/2025\/10\/equilibrio-ormonale-femminile-in-autunno-2.png\" data-srcset=\"https:\/\/www.ivanaioriolistica.com\/home\/wp-content\/uploads\/2025\/10\/equilibrio-ormonale-femminile-in-autunno-2-200x136.png 200w, https:\/\/www.ivanaioriolistica.com\/home\/wp-content\/uploads\/2025\/10\/equilibrio-ormonale-femminile-in-autunno-2-400x271.png 400w, https:\/\/www.ivanaioriolistica.com\/home\/wp-content\/uploads\/2025\/10\/equilibrio-ormonale-femminile-in-autunno-2-600x407.png 600w, https:\/\/www.ivanaioriolistica.com\/home\/wp-content\/uploads\/2025\/10\/equilibrio-ormonale-femminile-in-autunno-2.png 800w\" data-sizes=\"auto\" \/><div class=\"fusion-rollover\">\n\t<div class=\"fusion-rollover-content\">\n\n\t\t\t\t\n\t\t\n\t\t\t\t\t\t\t\t\n\t\t\t\t\t\t\t\t\n\t\t\n\t\t\t\t\t\t<a class=\"fusion-link-wrapper\" href=\"https:\/\/www.ivanaioriolistica.com\/home\/equilibrio-ormonale-in-autunno-ritrovare-larmonia-in-ogni-stagione-della-vita\/\" aria-label=\"Equilibrio ormonale in autunno: ritrovare l\u2019armonia in ogni stagione della vita\"><\/a>\n\t<\/div>\n<\/div>\n<\/div>\n<\/li>\n\t\t\t\n\t\t\t\n\t\t\t\t\t\t\t\t\t\t\t\t\t\t\t\t\t\t\t\t\t\t\t\t\t\t\t\t\t\t\t\t\t\t\t\t\t\t\t\t\t\t\t\t\t\t\t\t\t\t\t\t\t\t\t\t\t\t\t\t\t\t\t\t\t\t\t\t<\/ul>\n\t<\/div>\n\t<div class=\"fusion-post-content-wrapper\" style=\"padding:20px 0 0 0;\"><div class=\"fusion-post-content post-content\"><h2 class=\"blog-shortcode-post-title entry-title\"><a href=\"https:\/\/www.ivanaioriolistica.com\/home\/equilibrio-ormonale-in-autunno-ritrovare-larmonia-in-ogni-stagione-della-vita\/\">Equilibrio ormonale in autunno: ritrovare l\u2019armonia in ogni stagione della vita<\/a><\/h2><p class=\"fusion-single-line-meta\"><span class=\"vcard\" style=\"display: none;\"><span class=\"fn\"><a href=\"https:\/\/www.ivanaioriolistica.com\/home\/author\/irene-speretta\/\" title=\"Articoli scritti da Ivana Iori\" rel=\"author\">Ivana Iori<\/a><\/span><\/span><span class=\"updated\" style=\"display:none;\">2025-11-28T10:34:33+01:00<\/span><span>20 Ottobre 2025<\/span><span class=\"fusion-inline-sep\">|<\/span>Categorie: <a href=\"https:\/\/www.ivanaioriolistica.com\/home\/category\/consigli\/\" rel=\"category tag\">Consigli<\/a>, <a href=\"https:\/\/www.ivanaioriolistica.com\/home\/category\/nutrizione-e-benessere\/\" rel=\"category tag\">Nutrizione e Benessere<\/a><span class=\"fusion-inline-sep\">|<\/span><\/p><div class=\"fusion-content-sep sep-none\" style=\"border-color:rgba(235,234,234,0);\"><\/div><div class=\"fusion-post-content-container\"><p> L\u2019autunno \u00e8 la stagione della riflessione e del ritorno all\u2019ascolto di s\u00e9. Dopo l\u2019energia luminosa dell\u2019estate, il corpo inizia a rallentare, la mente cerca stabilit\u00e0 e gli ormoni si<\/p><\/div><\/div><div class=\"fusion-meta-info\"><div class=\"fusion-alignleft\"><a class=\"fusion-read-more\" href=\"https:\/\/www.ivanaioriolistica.com\/home\/equilibrio-ormonale-in-autunno-ritrovare-larmonia-in-ogni-stagione-della-vita\/\" aria-label=\"More on Equilibrio ormonale in autunno: ritrovare l\u2019armonia in ogni stagione della vita\">Leggi di pi\u00f9<\/a><\/div><\/div><\/div><div class=\"fusion-clearfix\"><\/div><\/div>\n<\/article>\n<article id=\"blog-1-post-2435\" class=\"fusion-post-grid post-2435 post type-post status-publish format-standard has-post-thumbnail hentry category-consigli category-nutrizione-e-benessere\">\n<div class=\"fusion-post-wrapper\" style=\"background-color:rgba(255,255,255,0);border:none;\">\n\n\t\t\t<div class=\"fusion-flexslider flexslider fusion-flexslider-loading fusion-post-slideshow\" style=\"border-color:rgba(235,234,234,0);\">\n\t\t<ul class=\"slides\">\n\t\t\t\n\t\t\t\t\t\t\t\t\t\t\t\t\t\t<li><div  class=\"fusion-image-wrapper\" aria-haspopup=\"true\">\n\t\t\t\t<img decoding=\"async\" width=\"800\" height=\"542\" src=\"https:\/\/www.ivanaioriolistica.com\/home\/wp-content\/uploads\/2025\/11\/proprieta-uva-ivana-iori-naturopata-olbia.png\" class=\"attachment-full size-full lazyload wp-post-image\" alt=\"proprieta-uva-ivana-iori-naturopata-olbia\" srcset=\"data:image\/svg+xml,%3Csvg%20xmlns%3D%27http%3A%2F%2Fwww.w3.org%2F2000%2Fsvg%27%20width%3D%27800%27%20height%3D%27542%27%20viewBox%3D%270%200%20800%20542%27%3E%3Crect%20width%3D%27800%27%20height%3D%27542%27%20fill-opacity%3D%220%22%2F%3E%3C%2Fsvg%3E\" data-orig-src=\"https:\/\/www.ivanaioriolistica.com\/home\/wp-content\/uploads\/2025\/11\/proprieta-uva-ivana-iori-naturopata-olbia.png\" data-srcset=\"https:\/\/www.ivanaioriolistica.com\/home\/wp-content\/uploads\/2025\/11\/proprieta-uva-ivana-iori-naturopata-olbia-200x136.png 200w, https:\/\/www.ivanaioriolistica.com\/home\/wp-content\/uploads\/2025\/11\/proprieta-uva-ivana-iori-naturopata-olbia-400x271.png 400w, https:\/\/www.ivanaioriolistica.com\/home\/wp-content\/uploads\/2025\/11\/proprieta-uva-ivana-iori-naturopata-olbia-600x407.png 600w, https:\/\/www.ivanaioriolistica.com\/home\/wp-content\/uploads\/2025\/11\/proprieta-uva-ivana-iori-naturopata-olbia.png 800w\" data-sizes=\"auto\" \/><div class=\"fusion-rollover\">\n\t<div class=\"fusion-rollover-content\">\n\n\t\t\t\t\n\t\t\n\t\t\t\t\t\t\t\t\n\t\t\t\t\t\t\t\t\n\t\t\n\t\t\t\t\t\t<a class=\"fusion-link-wrapper\" href=\"https:\/\/www.ivanaioriolistica.com\/home\/uva-proprieta-benefici-e-usi-naturopatici-del-frutto-dellautunno\/\" aria-label=\"Uva: propriet\u00e0, benefici e usi naturopatici del frutto dell\u2019autunno\"><\/a>\n\t<\/div>\n<\/div>\n<\/div>\n<\/li>\n\t\t\t\n\t\t\t\n\t\t\t\t\t\t\t\t\t\t\t\t\t\t\t\t\t\t\t\t\t\t\t\t\t\t\t\t\t\t\t\t\t\t\t\t\t\t\t\t\t\t\t\t\t\t\t\t\t\t\t\t\t\t\t\t\t\t\t\t\t\t\t\t\t\t\t\t<\/ul>\n\t<\/div>\n\t<div class=\"fusion-post-content-wrapper\" style=\"padding:20px 0 0 0;\"><div class=\"fusion-post-content post-content\"><h2 class=\"blog-shortcode-post-title entry-title\"><a href=\"https:\/\/www.ivanaioriolistica.com\/home\/uva-proprieta-benefici-e-usi-naturopatici-del-frutto-dellautunno\/\">Uva: propriet\u00e0, benefici e usi naturopatici del frutto dell\u2019autunno<\/a><\/h2><p class=\"fusion-single-line-meta\"><span class=\"vcard\" style=\"display: none;\"><span class=\"fn\"><a href=\"https:\/\/www.ivanaioriolistica.com\/home\/author\/irene-speretta\/\" title=\"Articoli scritti da Ivana Iori\" rel=\"author\">Ivana Iori<\/a><\/span><\/span><span class=\"updated\" style=\"display:none;\">2025-11-28T10:26:40+01:00<\/span><span>9 Settembre 2025<\/span><span class=\"fusion-inline-sep\">|<\/span>Categorie: <a href=\"https:\/\/www.ivanaioriolistica.com\/home\/category\/consigli\/\" rel=\"category tag\">Consigli<\/a>, <a href=\"https:\/\/www.ivanaioriolistica.com\/home\/category\/nutrizione-e-benessere\/\" rel=\"category tag\">Nutrizione e Benessere<\/a><span class=\"fusion-inline-sep\">|<\/span><\/p><div class=\"fusion-content-sep sep-none\" style=\"border-color:rgba(235,234,234,0);\"><\/div><div class=\"fusion-post-content-container\"><p>C\u2019\u00e8 un frutto che, con il suo sapore dolce e la sua consistenza succosa, annuncia il passaggio dalla luce intensa dell\u2019estate a quella pi\u00f9 morbida dell\u2019autunno: l\u2019uva.\u00a0 Con la sua<\/p><\/div><\/div><div class=\"fusion-meta-info\"><div class=\"fusion-alignleft\"><a class=\"fusion-read-more\" href=\"https:\/\/www.ivanaioriolistica.com\/home\/uva-proprieta-benefici-e-usi-naturopatici-del-frutto-dellautunno\/\" aria-label=\"More on Uva: propriet\u00e0, benefici e usi naturopatici del frutto dell\u2019autunno\">Leggi di pi\u00f9<\/a><\/div><\/div><\/div><div class=\"fusion-clearfix\"><\/div><\/div>\n<\/article>\n<article id=\"blog-1-post-2398\" class=\"fusion-post-grid post-2398 post type-post status-publish format-standard has-post-thumbnail hentry category-consigli category-nutrizione-e-benessere category-trattamenti\">\n<div class=\"fusion-post-wrapper\" style=\"background-color:rgba(255,255,255,0);border:none;\">\n\n\t\t\t<div class=\"fusion-flexslider flexslider fusion-flexslider-loading fusion-post-slideshow\" style=\"border-color:rgba(235,234,234,0);\">\n\t\t<ul class=\"slides\">\n\t\t\t\n\t\t\t\t\t\t\t\t\t\t\t\t\t\t<li><div  class=\"fusion-image-wrapper\" aria-haspopup=\"true\">\n\t\t\t\t<img decoding=\"async\" width=\"800\" height=\"542\" src=\"https:\/\/www.ivanaioriolistica.com\/home\/wp-content\/uploads\/2025\/11\/olio-essenziale-doi-lavanda-ivana-iori.png\" class=\"attachment-full size-full lazyload wp-post-image\" alt=\"olio-essenziale-di-lavanda-ivana-iori\" srcset=\"data:image\/svg+xml,%3Csvg%20xmlns%3D%27http%3A%2F%2Fwww.w3.org%2F2000%2Fsvg%27%20width%3D%27800%27%20height%3D%27542%27%20viewBox%3D%270%200%20800%20542%27%3E%3Crect%20width%3D%27800%27%20height%3D%27542%27%20fill-opacity%3D%220%22%2F%3E%3C%2Fsvg%3E\" data-orig-src=\"https:\/\/www.ivanaioriolistica.com\/home\/wp-content\/uploads\/2025\/11\/olio-essenziale-doi-lavanda-ivana-iori.png\" data-srcset=\"https:\/\/www.ivanaioriolistica.com\/home\/wp-content\/uploads\/2025\/11\/olio-essenziale-doi-lavanda-ivana-iori-200x136.png 200w, https:\/\/www.ivanaioriolistica.com\/home\/wp-content\/uploads\/2025\/11\/olio-essenziale-doi-lavanda-ivana-iori-400x271.png 400w, https:\/\/www.ivanaioriolistica.com\/home\/wp-content\/uploads\/2025\/11\/olio-essenziale-doi-lavanda-ivana-iori-600x407.png 600w, https:\/\/www.ivanaioriolistica.com\/home\/wp-content\/uploads\/2025\/11\/olio-essenziale-doi-lavanda-ivana-iori.png 800w\" data-sizes=\"auto\" \/><div class=\"fusion-rollover\">\n\t<div class=\"fusion-rollover-content\">\n\n\t\t\t\t\n\t\t\n\t\t\t\t\t\t\t\t\n\t\t\t\t\t\t\t\t\n\t\t\n\t\t\t\t\t\t<a class=\"fusion-link-wrapper\" href=\"https:\/\/www.ivanaioriolistica.com\/home\/lavanda-proprieta-benefici-e-usi-dellolio-essenziale-della-calma\/\" aria-label=\"Lavanda: propriet\u00e0, benefici e usi dell\u2019olio essenziale della calma\"><\/a>\n\t<\/div>\n<\/div>\n<\/div>\n<\/li>\n\t\t\t\n\t\t\t\n\t\t\t\t\t\t\t\t\t\t\t\t\t\t\t\t\t\t\t\t\t\t\t\t\t\t\t\t\t\t\t\t\t\t\t\t\t\t\t\t\t\t\t\t\t\t\t\t\t\t\t\t\t\t\t\t\t\t\t\t\t\t\t\t\t\t\t\t<\/ul>\n\t<\/div>\n\t<div class=\"fusion-post-content-wrapper\" style=\"padding:20px 0 0 0;\"><div class=\"fusion-post-content post-content\"><h2 class=\"blog-shortcode-post-title entry-title\"><a href=\"https:\/\/www.ivanaioriolistica.com\/home\/lavanda-proprieta-benefici-e-usi-dellolio-essenziale-della-calma\/\">Lavanda: propriet\u00e0, benefici e usi dell\u2019olio essenziale della calma<\/a><\/h2><p class=\"fusion-single-line-meta\"><span class=\"vcard\" style=\"display: none;\"><span class=\"fn\"><a href=\"https:\/\/www.ivanaioriolistica.com\/home\/author\/irene-speretta\/\" title=\"Articoli scritti da Ivana Iori\" rel=\"author\">Ivana Iori<\/a><\/span><\/span><span class=\"updated\" style=\"display:none;\">2025-11-28T10:27:24+01:00<\/span><span>7 Agosto 2025<\/span><span class=\"fusion-inline-sep\">|<\/span>Categorie: <a href=\"https:\/\/www.ivanaioriolistica.com\/home\/category\/consigli\/\" rel=\"category tag\">Consigli<\/a>, <a href=\"https:\/\/www.ivanaioriolistica.com\/home\/category\/nutrizione-e-benessere\/\" rel=\"category tag\">Nutrizione e Benessere<\/a>, <a href=\"https:\/\/www.ivanaioriolistica.com\/home\/category\/trattamenti\/\" rel=\"category tag\">Trattamenti<\/a><span class=\"fusion-inline-sep\">|<\/span><\/p><div class=\"fusion-content-sep sep-none\" style=\"border-color:rgba(235,234,234,0);\"><\/div><div class=\"fusion-post-content-container\"><p>C\u2019\u00e8 un profumo che, pi\u00f9 di tutti, sa evocare quiete, freschezza e senso di casa: \u00e8 la lavanda. Basta aprire un piccolo flacone di olio essenziale o strofinare tra le<\/p><\/div><\/div><div class=\"fusion-meta-info\"><div class=\"fusion-alignleft\"><a class=\"fusion-read-more\" href=\"https:\/\/www.ivanaioriolistica.com\/home\/lavanda-proprieta-benefici-e-usi-dellolio-essenziale-della-calma\/\" aria-label=\"More on Lavanda: propriet\u00e0, benefici e usi dell\u2019olio essenziale della calma\">Leggi di pi\u00f9<\/a><\/div><\/div><\/div><div class=\"fusion-clearfix\"><\/div><\/div>\n<\/article>\n<article id=\"blog-1-post-2404\" class=\"fusion-post-grid post-2404 post type-post status-publish format-standard has-post-thumbnail hentry category-consigli category-massaggi category-trattamenti\">\n<div class=\"fusion-post-wrapper\" style=\"background-color:rgba(255,255,255,0);border:none;\">\n\n\t\t\t<div class=\"fusion-flexslider flexslider fusion-flexslider-loading fusion-post-slideshow\" style=\"border-color:rgba(235,234,234,0);\">\n\t\t<ul class=\"slides\">\n\t\t\t\n\t\t\t\t\t\t\t\t\t\t\t\t\t\t<li><div  class=\"fusion-image-wrapper\" aria-haspopup=\"true\">\n\t\t\t\t<img decoding=\"async\" width=\"800\" height=\"542\" src=\"https:\/\/www.ivanaioriolistica.com\/home\/wp-content\/uploads\/2025\/11\/stanchezza-estiva-spiaggia-ivana-iori.png\" class=\"attachment-full size-full lazyload wp-post-image\" alt=\"stanchezza-estiva-spiaggia-ivana-iori\" srcset=\"data:image\/svg+xml,%3Csvg%20xmlns%3D%27http%3A%2F%2Fwww.w3.org%2F2000%2Fsvg%27%20width%3D%27800%27%20height%3D%27542%27%20viewBox%3D%270%200%20800%20542%27%3E%3Crect%20width%3D%27800%27%20height%3D%27542%27%20fill-opacity%3D%220%22%2F%3E%3C%2Fsvg%3E\" data-orig-src=\"https:\/\/www.ivanaioriolistica.com\/home\/wp-content\/uploads\/2025\/11\/stanchezza-estiva-spiaggia-ivana-iori.png\" data-srcset=\"https:\/\/www.ivanaioriolistica.com\/home\/wp-content\/uploads\/2025\/11\/stanchezza-estiva-spiaggia-ivana-iori-200x136.png 200w, https:\/\/www.ivanaioriolistica.com\/home\/wp-content\/uploads\/2025\/11\/stanchezza-estiva-spiaggia-ivana-iori-400x271.png 400w, https:\/\/www.ivanaioriolistica.com\/home\/wp-content\/uploads\/2025\/11\/stanchezza-estiva-spiaggia-ivana-iori-600x407.png 600w, https:\/\/www.ivanaioriolistica.com\/home\/wp-content\/uploads\/2025\/11\/stanchezza-estiva-spiaggia-ivana-iori.png 800w\" data-sizes=\"auto\" \/><div class=\"fusion-rollover\">\n\t<div class=\"fusion-rollover-content\">\n\n\t\t\t\t\n\t\t\n\t\t\t\t\t\t\t\t\n\t\t\t\t\t\t\t\t\n\t\t\n\t\t\t\t\t\t<a class=\"fusion-link-wrapper\" href=\"https:\/\/www.ivanaioriolistica.com\/home\/rimedi-naturali-per-stanchezza-estiva-e-stress-da-calura-come-ritrovare-lenergia\/\" aria-label=\"Rimedi naturali per stanchezza estiva e stress da calura: come ritrovare l\u2019energia\"><\/a>\n\t<\/div>\n<\/div>\n<\/div>\n<\/li>\n\t\t\t\n\t\t\t\n\t\t\t\t\t\t\t\t\t\t\t\t\t\t\t\t\t\t\t\t\t\t\t\t\t\t\t\t\t\t\t\t\t\t\t\t\t\t\t\t\t\t\t\t\t\t\t\t\t\t\t\t\t\t\t\t\t\t\t\t\t\t\t\t\t\t\t\t<\/ul>\n\t<\/div>\n\t<div class=\"fusion-post-content-wrapper\" style=\"padding:20px 0 0 0;\"><div class=\"fusion-post-content post-content\"><h2 class=\"blog-shortcode-post-title entry-title\"><a href=\"https:\/\/www.ivanaioriolistica.com\/home\/rimedi-naturali-per-stanchezza-estiva-e-stress-da-calura-come-ritrovare-lenergia\/\">Rimedi naturali per stanchezza estiva e stress da calura: come ritrovare l\u2019energia<\/a><\/h2><p class=\"fusion-single-line-meta\"><span class=\"vcard\" style=\"display: none;\"><span class=\"fn\"><a href=\"https:\/\/www.ivanaioriolistica.com\/home\/author\/irene-speretta\/\" title=\"Articoli scritti da Ivana Iori\" rel=\"author\">Ivana Iori<\/a><\/span><\/span><span class=\"updated\" style=\"display:none;\">2025-11-28T10:27:48+01:00<\/span><span>17 Luglio 2025<\/span><span class=\"fusion-inline-sep\">|<\/span>Categorie: <a href=\"https:\/\/www.ivanaioriolistica.com\/home\/category\/consigli\/\" rel=\"category tag\">Consigli<\/a>, <a href=\"https:\/\/www.ivanaioriolistica.com\/home\/category\/massaggi\/\" rel=\"category tag\">Massaggi<\/a>, <a href=\"https:\/\/www.ivanaioriolistica.com\/home\/category\/trattamenti\/\" rel=\"category tag\">Trattamenti<\/a><span class=\"fusion-inline-sep\">|<\/span><\/p><div class=\"fusion-content-sep sep-none\" style=\"border-color:rgba(235,234,234,0);\"><\/div><div class=\"fusion-post-content-container\"><p>L\u2019estate, con le sue giornate lunghe e luminose, \u00e8 un invito a rallentare e godere del presente. Ma per molti \u00e8 anche una stagione di spossatezza: il caldo intenso, le<\/p><\/div><\/div><div class=\"fusion-meta-info\"><div class=\"fusion-alignleft\"><a class=\"fusion-read-more\" href=\"https:\/\/www.ivanaioriolistica.com\/home\/rimedi-naturali-per-stanchezza-estiva-e-stress-da-calura-come-ritrovare-lenergia\/\" aria-label=\"More on Rimedi naturali per stanchezza estiva e stress da calura: come ritrovare l\u2019energia\">Leggi di pi\u00f9<\/a><\/div><\/div><\/div><div class=\"fusion-clearfix\"><\/div><\/div>\n<\/article>\n<article id=\"blog-1-post-2382\" class=\"fusion-post-grid post-2382 post type-post status-publish format-standard has-post-thumbnail hentry category-consigli category-news category-nutrizione-e-benessere\">\n<div class=\"fusion-post-wrapper\" style=\"background-color:rgba(255,255,255,0);border:none;\">\n\n\t\t\t<div class=\"fusion-flexslider flexslider fusion-flexslider-loading fusion-post-slideshow\" style=\"border-color:rgba(235,234,234,0);\">\n\t\t<ul class=\"slides\">\n\t\t\t\n\t\t\t\t\t\t\t\t\t\t\t\t\t\t<li><div  class=\"fusion-image-wrapper\" aria-haspopup=\"true\">\n\t\t\t\t<img decoding=\"async\" width=\"800\" height=\"542\" src=\"https:\/\/www.ivanaioriolistica.com\/home\/wp-content\/uploads\/2025\/11\/acqua-di-san-giovanni-ivana-iori-naturopata.png\" class=\"attachment-full size-full lazyload wp-post-image\" alt=\"acqua-di-san-giovanni-ivana-iori-naturopata\" srcset=\"data:image\/svg+xml,%3Csvg%20xmlns%3D%27http%3A%2F%2Fwww.w3.org%2F2000%2Fsvg%27%20width%3D%27800%27%20height%3D%27542%27%20viewBox%3D%270%200%20800%20542%27%3E%3Crect%20width%3D%27800%27%20height%3D%27542%27%20fill-opacity%3D%220%22%2F%3E%3C%2Fsvg%3E\" data-orig-src=\"https:\/\/www.ivanaioriolistica.com\/home\/wp-content\/uploads\/2025\/11\/acqua-di-san-giovanni-ivana-iori-naturopata.png\" data-srcset=\"https:\/\/www.ivanaioriolistica.com\/home\/wp-content\/uploads\/2025\/11\/acqua-di-san-giovanni-ivana-iori-naturopata-200x136.png 200w, https:\/\/www.ivanaioriolistica.com\/home\/wp-content\/uploads\/2025\/11\/acqua-di-san-giovanni-ivana-iori-naturopata-400x271.png 400w, https:\/\/www.ivanaioriolistica.com\/home\/wp-content\/uploads\/2025\/11\/acqua-di-san-giovanni-ivana-iori-naturopata-600x407.png 600w, https:\/\/www.ivanaioriolistica.com\/home\/wp-content\/uploads\/2025\/11\/acqua-di-san-giovanni-ivana-iori-naturopata.png 800w\" data-sizes=\"auto\" \/><div class=\"fusion-rollover\">\n\t<div class=\"fusion-rollover-content\">\n\n\t\t\t\t\n\t\t\n\t\t\t\t\t\t\t\t\n\t\t\t\t\t\t\t\t\n\t\t\n\t\t\t\t\t\t<a class=\"fusion-link-wrapper\" href=\"https:\/\/www.ivanaioriolistica.com\/home\/acqua-di-san-giovanni-a-cosa-serve-come-si-prepara\/\" aria-label=\"Acqua di San Giovanni: cos\u2019\u00e8, a cosa serve e come si prepara secondo la tradizione\"><\/a>\n\t<\/div>\n<\/div>\n<\/div>\n<\/li>\n\t\t\t\n\t\t\t\n\t\t\t\t\t\t\t\t\t\t\t\t\t\t\t\t\t\t\t\t\t\t\t\t\t\t\t\t\t\t\t\t\t\t\t\t\t\t\t\t\t\t\t\t\t\t\t\t\t\t\t\t\t\t\t\t\t\t\t\t\t\t\t\t\t\t\t\t<\/ul>\n\t<\/div>\n\t<div class=\"fusion-post-content-wrapper\" style=\"padding:20px 0 0 0;\"><div class=\"fusion-post-content post-content\"><h2 class=\"blog-shortcode-post-title entry-title\"><a href=\"https:\/\/www.ivanaioriolistica.com\/home\/acqua-di-san-giovanni-a-cosa-serve-come-si-prepara\/\">Acqua di San Giovanni: cos\u2019\u00e8, a cosa serve e come si prepara secondo la tradizione<\/a><\/h2><p class=\"fusion-single-line-meta\"><span class=\"vcard\" style=\"display: none;\"><span class=\"fn\"><a href=\"https:\/\/www.ivanaioriolistica.com\/home\/author\/irene-speretta\/\" title=\"Articoli scritti da Ivana Iori\" rel=\"author\">Ivana Iori<\/a><\/span><\/span><span class=\"updated\" style=\"display:none;\">2025-11-28T10:28:41+01:00<\/span><span>22 Giugno 2025<\/span><span class=\"fusion-inline-sep\">|<\/span>Categorie: <a href=\"https:\/\/www.ivanaioriolistica.com\/home\/category\/consigli\/\" rel=\"category tag\">Consigli<\/a>, <a href=\"https:\/\/www.ivanaioriolistica.com\/home\/category\/news\/\" rel=\"category tag\">News<\/a>, <a href=\"https:\/\/www.ivanaioriolistica.com\/home\/category\/nutrizione-e-benessere\/\" rel=\"category tag\">Nutrizione e Benessere<\/a><span class=\"fusion-inline-sep\">|<\/span><\/p><div class=\"fusion-content-sep sep-none\" style=\"border-color:rgba(235,234,234,0);\"><\/div><div class=\"fusion-post-content-container\"><p>Ogni anno, nella notte tra il 23 e il 24 giugno, la natura ci invita ad ascoltare. \u00c8 la notte di San Giovanni: un momento carico di magia, tradizione e<\/p><\/div><\/div><div class=\"fusion-meta-info\"><div class=\"fusion-alignleft\"><a class=\"fusion-read-more\" href=\"https:\/\/www.ivanaioriolistica.com\/home\/acqua-di-san-giovanni-a-cosa-serve-come-si-prepara\/\" aria-label=\"More on Acqua di San Giovanni: cos\u2019\u00e8, a cosa serve e come si prepara secondo la tradizione\">Leggi di pi\u00f9<\/a><\/div><\/div><\/div><div class=\"fusion-clearfix\"><\/div><\/div>\n<\/article>\n<article id=\"blog-1-post-2368\" class=\"fusion-post-grid post-2368 post type-post status-publish format-standard has-post-thumbnail hentry category-consigli category-nutrizione-e-benessere\">\n<div class=\"fusion-post-wrapper\" style=\"background-color:rgba(255,255,255,0);border:none;\">\n\n\t\t\t<div class=\"fusion-flexslider flexslider fusion-flexslider-loading fusion-post-slideshow\" style=\"border-color:rgba(235,234,234,0);\">\n\t\t<ul class=\"slides\">\n\t\t\t\n\t\t\t\t\t\t\t\t\t\t\t\t\t\t<li><div  class=\"fusion-image-wrapper\" aria-haspopup=\"true\">\n\t\t\t\t<img decoding=\"async\" width=\"800\" height=\"542\" src=\"https:\/\/www.ivanaioriolistica.com\/home\/wp-content\/uploads\/2025\/11\/frutta-estiva-della-saggezza-anguria-ivana-iori.png\" class=\"attachment-full size-full lazyload wp-post-image\" alt=\"frutta-estiva-della-saggezza-anguria-ivana-iori\" srcset=\"data:image\/svg+xml,%3Csvg%20xmlns%3D%27http%3A%2F%2Fwww.w3.org%2F2000%2Fsvg%27%20width%3D%27800%27%20height%3D%27542%27%20viewBox%3D%270%200%20800%20542%27%3E%3Crect%20width%3D%27800%27%20height%3D%27542%27%20fill-opacity%3D%220%22%2F%3E%3C%2Fsvg%3E\" data-orig-src=\"https:\/\/www.ivanaioriolistica.com\/home\/wp-content\/uploads\/2025\/11\/frutta-estiva-della-saggezza-anguria-ivana-iori.png\" data-srcset=\"https:\/\/www.ivanaioriolistica.com\/home\/wp-content\/uploads\/2025\/11\/frutta-estiva-della-saggezza-anguria-ivana-iori-200x136.png 200w, https:\/\/www.ivanaioriolistica.com\/home\/wp-content\/uploads\/2025\/11\/frutta-estiva-della-saggezza-anguria-ivana-iori-400x271.png 400w, https:\/\/www.ivanaioriolistica.com\/home\/wp-content\/uploads\/2025\/11\/frutta-estiva-della-saggezza-anguria-ivana-iori-600x407.png 600w, https:\/\/www.ivanaioriolistica.com\/home\/wp-content\/uploads\/2025\/11\/frutta-estiva-della-saggezza-anguria-ivana-iori.png 800w\" data-sizes=\"auto\" \/><div class=\"fusion-rollover\">\n\t<div class=\"fusion-rollover-content\">\n\n\t\t\t\t\n\t\t\n\t\t\t\t\t\t\t\t\n\t\t\t\t\t\t\t\t\n\t\t\n\t\t\t\t\t\t<a class=\"fusion-link-wrapper\" href=\"https:\/\/www.ivanaioriolistica.com\/home\/frutti-della-saggezza-i-5-alleati-naturali-per-affrontare-il-caldo-estivo\/\" aria-label=\"Frutti della saggezza: i 5 alleati naturali per affrontare il caldo estivo\"><\/a>\n\t<\/div>\n<\/div>\n<\/div>\n<\/li>\n\t\t\t\n\t\t\t\n\t\t\t\t\t\t\t\t\t\t\t\t\t\t\t\t\t\t\t\t\t\t\t\t\t\t\t\t\t\t\t\t\t\t\t\t\t\t\t\t\t\t\t\t\t\t\t\t\t\t\t\t\t\t\t\t\t\t\t\t\t\t\t\t\t\t\t\t<\/ul>\n\t<\/div>\n\t<div class=\"fusion-post-content-wrapper\" style=\"padding:20px 0 0 0;\"><div class=\"fusion-post-content post-content\"><h2 class=\"blog-shortcode-post-title entry-title\"><a href=\"https:\/\/www.ivanaioriolistica.com\/home\/frutti-della-saggezza-i-5-alleati-naturali-per-affrontare-il-caldo-estivo\/\">Frutti della saggezza: i 5 alleati naturali per affrontare il caldo estivo<\/a><\/h2><p class=\"fusion-single-line-meta\"><span class=\"vcard\" style=\"display: none;\"><span class=\"fn\"><a href=\"https:\/\/www.ivanaioriolistica.com\/home\/author\/irene-speretta\/\" title=\"Articoli scritti da Ivana Iori\" rel=\"author\">Ivana Iori<\/a><\/span><\/span><span class=\"updated\" style=\"display:none;\">2025-11-28T10:29:00+01:00<\/span><span>6 Giugno 2025<\/span><span class=\"fusion-inline-sep\">|<\/span>Categorie: <a href=\"https:\/\/www.ivanaioriolistica.com\/home\/category\/consigli\/\" rel=\"category tag\">Consigli<\/a>, <a href=\"https:\/\/www.ivanaioriolistica.com\/home\/category\/nutrizione-e-benessere\/\" rel=\"category tag\">Nutrizione e Benessere<\/a><span class=\"fusion-inline-sep\">|<\/span><\/p><div class=\"fusion-content-sep sep-none\" style=\"border-color:rgba(235,234,234,0);\"><\/div><div class=\"fusion-post-content-container\"><p>\u00a0Con l'arrivo dell'estate, il nostro corpo inizia naturalmente a cercare freschezza e leggerezza. Non \u00e8 un caso, che proprio in questo periodo dell\u2019anno, iniziamo a desiderare istintivamente cibi pi\u00f9 leggeri,<\/p><\/div><\/div><div class=\"fusion-meta-info\"><div class=\"fusion-alignleft\"><a class=\"fusion-read-more\" href=\"https:\/\/www.ivanaioriolistica.com\/home\/frutti-della-saggezza-i-5-alleati-naturali-per-affrontare-il-caldo-estivo\/\" aria-label=\"More on Frutti della saggezza: i 5 alleati naturali per affrontare il caldo estivo\">Leggi di pi\u00f9<\/a><\/div><\/div><\/div><div class=\"fusion-clearfix\"><\/div><\/div>\n<\/article>\n<article id=\"blog-1-post-2285\" class=\"fusion-post-grid post-2285 post type-post status-publish format-standard has-post-thumbnail hentry category-consigli category-nutrizione-e-benessere\">\n<div class=\"fusion-post-wrapper\" style=\"background-color:rgba(255,255,255,0);border:none;\">\n\n\t\t\t<div class=\"fusion-flexslider flexslider fusion-flexslider-loading fusion-post-slideshow\" style=\"border-color:rgba(235,234,234,0);\">\n\t\t<ul class=\"slides\">\n\t\t\t\n\t\t\t\t\t\t\t\t\t\t\t\t\t\t<li><div  class=\"fusion-image-wrapper\" aria-haspopup=\"true\">\n\t\t\t\t<img decoding=\"async\" width=\"800\" height=\"542\" src=\"https:\/\/www.ivanaioriolistica.com\/home\/wp-content\/uploads\/2025\/11\/fiori-di-bach-ivana-iori-naturopata.png\" class=\"attachment-full size-full lazyload wp-post-image\" alt=\"fiori-di-bach-ivana-iori-naturopata\" srcset=\"data:image\/svg+xml,%3Csvg%20xmlns%3D%27http%3A%2F%2Fwww.w3.org%2F2000%2Fsvg%27%20width%3D%27800%27%20height%3D%27542%27%20viewBox%3D%270%200%20800%20542%27%3E%3Crect%20width%3D%27800%27%20height%3D%27542%27%20fill-opacity%3D%220%22%2F%3E%3C%2Fsvg%3E\" data-orig-src=\"https:\/\/www.ivanaioriolistica.com\/home\/wp-content\/uploads\/2025\/11\/fiori-di-bach-ivana-iori-naturopata.png\" data-srcset=\"https:\/\/www.ivanaioriolistica.com\/home\/wp-content\/uploads\/2025\/11\/fiori-di-bach-ivana-iori-naturopata-200x136.png 200w, https:\/\/www.ivanaioriolistica.com\/home\/wp-content\/uploads\/2025\/11\/fiori-di-bach-ivana-iori-naturopata-400x271.png 400w, https:\/\/www.ivanaioriolistica.com\/home\/wp-content\/uploads\/2025\/11\/fiori-di-bach-ivana-iori-naturopata-600x407.png 600w, https:\/\/www.ivanaioriolistica.com\/home\/wp-content\/uploads\/2025\/11\/fiori-di-bach-ivana-iori-naturopata.png 800w\" data-sizes=\"auto\" \/><div class=\"fusion-rollover\">\n\t<div class=\"fusion-rollover-content\">\n\n\t\t\t\t\n\t\t\n\t\t\t\t\t\t\t\t\n\t\t\t\t\t\t\t\t\n\t\t\n\t\t\t\t\t\t<a class=\"fusion-link-wrapper\" href=\"https:\/\/www.ivanaioriolistica.com\/home\/fiori-di-bach-e-allergie-primaverili-un-supporto-naturale\/\" aria-label=\"Fiori di Bach e allergie primaverili: un supporto naturale per corpo ed emozioni\"><\/a>\n\t<\/div>\n<\/div>\n<\/div>\n<\/li>\n\t\t\t\n\t\t\t\n\t\t\t\t\t\t\t\t\t\t\t\t\t\t\t\t\t\t\t\t\t\t\t\t\t\t\t\t\t\t\t\t\t\t\t\t\t\t\t\t\t\t\t\t\t\t\t\t\t\t\t\t\t\t\t\t\t\t\t\t\t\t\t\t\t\t\t\t<\/ul>\n\t<\/div>\n\t<div class=\"fusion-post-content-wrapper\" style=\"padding:20px 0 0 0;\"><div class=\"fusion-post-content post-content\"><h2 class=\"blog-shortcode-post-title entry-title\"><a href=\"https:\/\/www.ivanaioriolistica.com\/home\/fiori-di-bach-e-allergie-primaverili-un-supporto-naturale\/\">Fiori di Bach e allergie primaverili: un supporto naturale per corpo ed emozioni<\/a><\/h2><p class=\"fusion-single-line-meta\"><span class=\"vcard\" style=\"display: none;\"><span class=\"fn\"><a href=\"https:\/\/www.ivanaioriolistica.com\/home\/author\/irene-speretta\/\" title=\"Articoli scritti da Ivana Iori\" rel=\"author\">Ivana Iori<\/a><\/span><\/span><span class=\"updated\" style=\"display:none;\">2025-11-28T10:29:26+01:00<\/span><span>28 Aprile 2025<\/span><span class=\"fusion-inline-sep\">|<\/span>Categorie: <a href=\"https:\/\/www.ivanaioriolistica.com\/home\/category\/consigli\/\" rel=\"category tag\">Consigli<\/a>, <a href=\"https:\/\/www.ivanaioriolistica.com\/home\/category\/nutrizione-e-benessere\/\" rel=\"category tag\">Nutrizione e Benessere<\/a><span class=\"fusion-inline-sep\">|<\/span><\/p><div class=\"fusion-content-sep sep-none\" style=\"border-color:rgba(235,234,234,0);\"><\/div><div class=\"fusion-post-content-container\"><p>Con l\u2019arrivo della primavera, la natura si risveglia, i colori si fanno pi\u00f9 vividi, l\u2019aria si riempie di profumi e nuova energia. Tuttavia, per molte persone questo periodo coincide anche<\/p><\/div><\/div><div class=\"fusion-meta-info\"><div class=\"fusion-alignleft\"><a class=\"fusion-read-more\" href=\"https:\/\/www.ivanaioriolistica.com\/home\/fiori-di-bach-e-allergie-primaverili-un-supporto-naturale\/\" aria-label=\"More on Fiori di Bach e allergie primaverili: un supporto naturale per corpo ed emozioni\">Leggi di pi\u00f9<\/a><\/div><\/div><\/div><div class=\"fusion-clearfix\"><\/div><\/div>\n<\/article>\n<article id=\"blog-1-post-2264\" class=\"fusion-post-grid post-2264 post type-post status-publish format-standard has-post-thumbnail hentry category-consigli category-massaggi\">\n<div class=\"fusion-post-wrapper\" style=\"background-color:rgba(255,255,255,0);border:none;\">\n\n\t\t\t<div class=\"fusion-flexslider flexslider fusion-flexslider-loading fusion-post-slideshow\" style=\"border-color:rgba(235,234,234,0);\">\n\t\t<ul class=\"slides\">\n\t\t\t\n\t\t\t\t\t\t\t\t\t\t\t\t\t\t<li><div  class=\"fusion-image-wrapper\" aria-haspopup=\"true\">\n\t\t\t\t<img decoding=\"async\" width=\"800\" height=\"542\" src=\"https:\/\/www.ivanaioriolistica.com\/home\/wp-content\/uploads\/2025\/11\/massaggio-linfodrenante-naturopata-ivana-iori.png\" class=\"attachment-full size-full lazyload wp-post-image\" alt=\"massaggio-linfodrenante-naturopata-ivana-iori\" srcset=\"data:image\/svg+xml,%3Csvg%20xmlns%3D%27http%3A%2F%2Fwww.w3.org%2F2000%2Fsvg%27%20width%3D%27800%27%20height%3D%27542%27%20viewBox%3D%270%200%20800%20542%27%3E%3Crect%20width%3D%27800%27%20height%3D%27542%27%20fill-opacity%3D%220%22%2F%3E%3C%2Fsvg%3E\" data-orig-src=\"https:\/\/www.ivanaioriolistica.com\/home\/wp-content\/uploads\/2025\/11\/massaggio-linfodrenante-naturopata-ivana-iori.png\" data-srcset=\"https:\/\/www.ivanaioriolistica.com\/home\/wp-content\/uploads\/2025\/11\/massaggio-linfodrenante-naturopata-ivana-iori-200x136.png 200w, https:\/\/www.ivanaioriolistica.com\/home\/wp-content\/uploads\/2025\/11\/massaggio-linfodrenante-naturopata-ivana-iori-400x271.png 400w, https:\/\/www.ivanaioriolistica.com\/home\/wp-content\/uploads\/2025\/11\/massaggio-linfodrenante-naturopata-ivana-iori-600x407.png 600w, https:\/\/www.ivanaioriolistica.com\/home\/wp-content\/uploads\/2025\/11\/massaggio-linfodrenante-naturopata-ivana-iori.png 800w\" data-sizes=\"auto\" \/><div class=\"fusion-rollover\">\n\t<div class=\"fusion-rollover-content\">\n\n\t\t\t\t\n\t\t\n\t\t\t\t\t\t\t\t\n\t\t\t\t\t\t\t\t\n\t\t\n\t\t\t\t\t\t<a class=\"fusion-link-wrapper\" href=\"https:\/\/www.ivanaioriolistica.com\/home\/massaggio-linfodrenante-leggerezza-per-corpo-mente-e-anima\/\" aria-label=\"Massaggio linfodrenante: un tocco di leggerezza per corpo, mente e anima\"><\/a>\n\t<\/div>\n<\/div>\n<\/div>\n<\/li>\n\t\t\t\n\t\t\t\n\t\t\t\t\t\t\t\t\t\t\t\t\t\t\t\t\t\t\t\t\t\t\t\t\t\t\t\t\t\t\t\t\t\t\t\t\t\t\t\t\t\t\t\t\t\t\t\t\t\t\t\t\t\t\t\t\t\t\t\t\t\t\t\t\t\t\t\t<\/ul>\n\t<\/div>\n\t<div class=\"fusion-post-content-wrapper\" style=\"padding:20px 0 0 0;\"><div class=\"fusion-post-content post-content\"><h2 class=\"blog-shortcode-post-title entry-title\"><a href=\"https:\/\/www.ivanaioriolistica.com\/home\/massaggio-linfodrenante-leggerezza-per-corpo-mente-e-anima\/\">Massaggio linfodrenante: un tocco di leggerezza per corpo, mente e anima<\/a><\/h2><p class=\"fusion-single-line-meta\"><span class=\"vcard\" style=\"display: none;\"><span class=\"fn\"><a href=\"https:\/\/www.ivanaioriolistica.com\/home\/author\/irene-speretta\/\" title=\"Articoli scritti da Ivana Iori\" rel=\"author\">Ivana Iori<\/a><\/span><\/span><span class=\"updated\" style=\"display:none;\">2025-11-28T10:29:47+01:00<\/span><span>11 Aprile 2025<\/span><span class=\"fusion-inline-sep\">|<\/span>Categorie: <a href=\"https:\/\/www.ivanaioriolistica.com\/home\/category\/consigli\/\" rel=\"category tag\">Consigli<\/a>, <a href=\"https:\/\/www.ivanaioriolistica.com\/home\/category\/massaggi\/\" rel=\"category tag\">Massaggi<\/a><span class=\"fusion-inline-sep\">|<\/span><\/p><div class=\"fusion-content-sep sep-none\" style=\"border-color:rgba(235,234,234,0);\"><\/div><div class=\"fusion-post-content-container\"><p>Il massaggio linfodrenante non \u00e8 solo un trattamento estetico, ma un atto di benessere che aiuta il corpo a ritrovare leggerezza, riducendo gonfiore e ristagni. \u00c8 un abbraccio alla nostra<\/p><\/div><\/div><div class=\"fusion-meta-info\"><div class=\"fusion-alignleft\"><a class=\"fusion-read-more\" href=\"https:\/\/www.ivanaioriolistica.com\/home\/massaggio-linfodrenante-leggerezza-per-corpo-mente-e-anima\/\" aria-label=\"More on Massaggio linfodrenante: un tocco di leggerezza per corpo, mente e anima\">Leggi di pi\u00f9<\/a><\/div><\/div><\/div><div class=\"fusion-clearfix\"><\/div><\/div>\n<\/article>\n<article id=\"blog-1-post-2240\" class=\"fusion-post-grid post-2240 post type-post status-publish format-standard has-post-thumbnail hentry category-consigli category-nutrizione-e-benessere\">\n<div class=\"fusion-post-wrapper\" style=\"background-color:rgba(255,255,255,0);border:none;\">\n\n\t\t\t<div class=\"fusion-flexslider flexslider fusion-flexslider-loading fusion-post-slideshow\" style=\"border-color:rgba(235,234,234,0);\">\n\t\t<ul class=\"slides\">\n\t\t\t\n\t\t\t\t\t\t\t\t\t\t\t\t\t\t<li><div  class=\"fusion-image-wrapper\" aria-haspopup=\"true\">\n\t\t\t\t<img decoding=\"async\" width=\"800\" height=\"542\" src=\"https:\/\/www.ivanaioriolistica.com\/home\/wp-content\/uploads\/2025\/11\/ortica-rimedi-stanchezza-del-cambio-stagione.png\" class=\"attachment-full size-full lazyload wp-post-image\" alt=\"ortica-rimedi-stanchezza-del-cambio-stagione\" srcset=\"data:image\/svg+xml,%3Csvg%20xmlns%3D%27http%3A%2F%2Fwww.w3.org%2F2000%2Fsvg%27%20width%3D%27800%27%20height%3D%27542%27%20viewBox%3D%270%200%20800%20542%27%3E%3Crect%20width%3D%27800%27%20height%3D%27542%27%20fill-opacity%3D%220%22%2F%3E%3C%2Fsvg%3E\" data-orig-src=\"https:\/\/www.ivanaioriolistica.com\/home\/wp-content\/uploads\/2025\/11\/ortica-rimedi-stanchezza-del-cambio-stagione.png\" data-srcset=\"https:\/\/www.ivanaioriolistica.com\/home\/wp-content\/uploads\/2025\/11\/ortica-rimedi-stanchezza-del-cambio-stagione-200x136.png 200w, https:\/\/www.ivanaioriolistica.com\/home\/wp-content\/uploads\/2025\/11\/ortica-rimedi-stanchezza-del-cambio-stagione-400x271.png 400w, https:\/\/www.ivanaioriolistica.com\/home\/wp-content\/uploads\/2025\/11\/ortica-rimedi-stanchezza-del-cambio-stagione-600x407.png 600w, https:\/\/www.ivanaioriolistica.com\/home\/wp-content\/uploads\/2025\/11\/ortica-rimedi-stanchezza-del-cambio-stagione.png 800w\" data-sizes=\"auto\" \/><div class=\"fusion-rollover\">\n\t<div class=\"fusion-rollover-content\">\n\n\t\t\t\t\n\t\t\n\t\t\t\t\t\t\t\t\n\t\t\t\t\t\t\t\t\n\t\t\n\t\t\t\t\t\t<a class=\"fusion-link-wrapper\" href=\"https:\/\/www.ivanaioriolistica.com\/home\/stanchezza-cambio-stagione-depura-il-fegato-con-lortica\/\" aria-label=\"Stanchezza del cambio stagione? Depura il fegato con l&#8217;ortica\"><\/a>\n\t<\/div>\n<\/div>\n<\/div>\n<\/li>\n\t\t\t\n\t\t\t\n\t\t\t\t\t\t\t\t\t\t\t\t\t\t\t\t\t\t\t\t\t\t\t\t\t\t\t\t\t\t\t\t\t\t\t\t\t\t\t\t\t\t\t\t\t\t\t\t\t\t\t\t\t\t\t\t\t\t\t\t\t\t\t\t\t\t\t\t<\/ul>\n\t<\/div>\n\t<div class=\"fusion-post-content-wrapper\" style=\"padding:20px 0 0 0;\"><div class=\"fusion-post-content post-content\"><h2 class=\"blog-shortcode-post-title entry-title\"><a href=\"https:\/\/www.ivanaioriolistica.com\/home\/stanchezza-cambio-stagione-depura-il-fegato-con-lortica\/\">Stanchezza del cambio stagione? Depura il fegato con l&#8217;ortica<\/a><\/h2><p class=\"fusion-single-line-meta\"><span class=\"vcard\" style=\"display: none;\"><span class=\"fn\"><a href=\"https:\/\/www.ivanaioriolistica.com\/home\/author\/irene-speretta\/\" title=\"Articoli scritti da Ivana Iori\" rel=\"author\">Ivana Iori<\/a><\/span><\/span><span class=\"updated\" style=\"display:none;\">2025-11-28T10:30:07+01:00<\/span><span>21 Marzo 2025<\/span><span class=\"fusion-inline-sep\">|<\/span>Categorie: <a href=\"https:\/\/www.ivanaioriolistica.com\/home\/category\/consigli\/\" rel=\"category tag\">Consigli<\/a>, <a href=\"https:\/\/www.ivanaioriolistica.com\/home\/category\/nutrizione-e-benessere\/\" rel=\"category tag\">Nutrizione e Benessere<\/a><span class=\"fusion-inline-sep\">|<\/span><\/p><div class=\"fusion-content-sep sep-none\" style=\"border-color:rgba(235,234,234,0);\"><\/div><div class=\"fusion-post-content-container\"><p>Capita anche a te di svegliarti al mattino gi\u00e0 stanco, come se il sonno non fosse bastato? Guardi fuori dalla finestra, la luce \u00e8 diversa, l\u2019aria profuma di primavera, ma<\/p><\/div><\/div><div class=\"fusion-meta-info\"><div class=\"fusion-alignleft\"><a class=\"fusion-read-more\" href=\"https:\/\/www.ivanaioriolistica.com\/home\/stanchezza-cambio-stagione-depura-il-fegato-con-lortica\/\" aria-label=\"More on Stanchezza del cambio stagione? Depura il fegato con l&#8217;ortica\">Leggi di pi\u00f9<\/a><\/div><\/div><\/div><div class=\"fusion-clearfix\"><\/div><\/div>\n<\/article>\n<article id=\"blog-1-post-2202\" class=\"fusion-post-grid post-2202 post type-post status-publish format-standard has-post-thumbnail hentry category-trattamenti\">\n<div class=\"fusion-post-wrapper\" style=\"background-color:rgba(255,255,255,0);border:none;\">\n\n\t\t\t<div class=\"fusion-flexslider flexslider fusion-flexslider-loading fusion-post-slideshow\" style=\"border-color:rgba(235,234,234,0);\">\n\t\t<ul class=\"slides\">\n\t\t\t\n\t\t\t\t\t\t\t\t\t\t\t\t\t\t<li><div  class=\"fusion-image-wrapper\" aria-haspopup=\"true\">\n\t\t\t\t<img decoding=\"async\" width=\"800\" height=\"542\" src=\"https:\/\/www.ivanaioriolistica.com\/home\/wp-content\/uploads\/2024\/02\/Biomagnetismo-cose-e-come-funziona.png\" class=\"attachment-full size-full lazyload wp-post-image\" alt=\"Biomagnetismo: cos\u2019\u00e8 e come funziona?\" srcset=\"data:image\/svg+xml,%3Csvg%20xmlns%3D%27http%3A%2F%2Fwww.w3.org%2F2000%2Fsvg%27%20width%3D%27800%27%20height%3D%27542%27%20viewBox%3D%270%200%20800%20542%27%3E%3Crect%20width%3D%27800%27%20height%3D%27542%27%20fill-opacity%3D%220%22%2F%3E%3C%2Fsvg%3E\" data-orig-src=\"https:\/\/www.ivanaioriolistica.com\/home\/wp-content\/uploads\/2024\/02\/Biomagnetismo-cose-e-come-funziona.png\" data-srcset=\"https:\/\/www.ivanaioriolistica.com\/home\/wp-content\/uploads\/2024\/02\/Biomagnetismo-cose-e-come-funziona-200x136.png 200w, https:\/\/www.ivanaioriolistica.com\/home\/wp-content\/uploads\/2024\/02\/Biomagnetismo-cose-e-come-funziona-400x271.png 400w, https:\/\/www.ivanaioriolistica.com\/home\/wp-content\/uploads\/2024\/02\/Biomagnetismo-cose-e-come-funziona-600x407.png 600w, https:\/\/www.ivanaioriolistica.com\/home\/wp-content\/uploads\/2024\/02\/Biomagnetismo-cose-e-come-funziona.png 800w\" data-sizes=\"auto\" \/><div class=\"fusion-rollover\">\n\t<div class=\"fusion-rollover-content\">\n\n\t\t\t\t\n\t\t\n\t\t\t\t\t\t\t\t\n\t\t\t\t\t\t\t\t\n\t\t\n\t\t\t\t\t\t<a class=\"fusion-link-wrapper\" href=\"https:\/\/www.ivanaioriolistica.com\/home\/biomagnetismo-cose-e-come-funziona\/\" aria-label=\"Biomagnetismo: cos\u2019\u00e8 e come funziona?\"><\/a>\n\t<\/div>\n<\/div>\n<\/div>\n<\/li>\n\t\t\t\n\t\t\t\n\t\t\t\t\t\t\t\t\t\t\t\t\t\t\t\t\t\t\t\t\t\t\t\t\t\t\t\t\t\t\t\t\t\t\t\t\t\t\t\t\t\t\t\t\t\t\t\t\t\t\t\t\t\t\t\t\t\t\t\t\t\t\t\t\t\t\t\t<\/ul>\n\t<\/div>\n\t<div class=\"fusion-post-content-wrapper\" style=\"padding:20px 0 0 0;\"><div class=\"fusion-post-content post-content\"><h2 class=\"blog-shortcode-post-title entry-title\"><a href=\"https:\/\/www.ivanaioriolistica.com\/home\/biomagnetismo-cose-e-come-funziona\/\">Biomagnetismo: cos\u2019\u00e8 e come funziona?<\/a><\/h2><p class=\"fusion-single-line-meta\"><span class=\"vcard\" style=\"display: none;\"><span class=\"fn\"><a href=\"https:\/\/www.ivanaioriolistica.com\/home\/author\/luisella-scanu\/\" title=\"Articoli scritti da Ivana Iori\" rel=\"author\">Ivana Iori<\/a><\/span><\/span><span class=\"updated\" style=\"display:none;\">2024-02-16T13:26:16+01:00<\/span><span>16 Febbraio 2024<\/span><span class=\"fusion-inline-sep\">|<\/span>Categorie: <a href=\"https:\/\/www.ivanaioriolistica.com\/home\/category\/trattamenti\/\" rel=\"category tag\">Trattamenti<\/a><span class=\"fusion-inline-sep\">|<\/span><\/p><div class=\"fusion-content-sep sep-none\" style=\"border-color:rgba(235,234,234,0);\"><\/div><div class=\"fusion-post-content-container\"><p>Dedico questo articolo al Biomagnetismo, spiegando\u00a0cos'\u00e8, come funziona e perch\u00e9 sceglierlo per il trattamento di diverse condizioni salutari, sottolineando benefici ed efficacia nel fornire una soluzione naturale per migliorare il<\/p><\/div><\/div><div class=\"fusion-meta-info\"><div class=\"fusion-alignleft\"><a class=\"fusion-read-more\" href=\"https:\/\/www.ivanaioriolistica.com\/home\/biomagnetismo-cose-e-come-funziona\/\" aria-label=\"More on Biomagnetismo: cos\u2019\u00e8 e come funziona?\">Leggi di pi\u00f9<\/a><\/div><\/div><\/div><div class=\"fusion-clearfix\"><\/div><\/div>\n<\/article>\n<article id=\"blog-1-post-1190\" class=\"fusion-post-grid post-1190 post type-post status-publish format-standard has-post-thumbnail hentry category-news\">\n<div class=\"fusion-post-wrapper\" style=\"background-color:rgba(255,255,255,0);border:none;\">\n\n\t\t\t<div class=\"fusion-flexslider flexslider fusion-flexslider-loading fusion-post-slideshow\" style=\"border-color:rgba(235,234,234,0);\">\n\t\t<ul class=\"slides\">\n\t\t\t\n\t\t\t\t\t\t\t\t\t\t\t\t\t\t<li><div  class=\"fusion-image-wrapper\" aria-haspopup=\"true\">\n\t\t\t\t<img decoding=\"async\" width=\"600\" height=\"407\" src=\"https:\/\/www.ivanaioriolistica.com\/home\/wp-content\/uploads\/2023\/12\/Consulenza-naturopatica-cose-e-come-si-svolge.png\" class=\"attachment-full size-full lazyload wp-post-image\" alt=\"Consulenza naturopatica: cos&#039;\u00e8 e come si svolge\" srcset=\"data:image\/svg+xml,%3Csvg%20xmlns%3D%27http%3A%2F%2Fwww.w3.org%2F2000%2Fsvg%27%20width%3D%27600%27%20height%3D%27407%27%20viewBox%3D%270%200%20600%20407%27%3E%3Crect%20width%3D%27600%27%20height%3D%27407%27%20fill-opacity%3D%220%22%2F%3E%3C%2Fsvg%3E\" data-orig-src=\"https:\/\/www.ivanaioriolistica.com\/home\/wp-content\/uploads\/2023\/12\/Consulenza-naturopatica-cose-e-come-si-svolge.png\" data-srcset=\"https:\/\/www.ivanaioriolistica.com\/home\/wp-content\/uploads\/2023\/12\/Consulenza-naturopatica-cose-e-come-si-svolge-200x136.png 200w, https:\/\/www.ivanaioriolistica.com\/home\/wp-content\/uploads\/2023\/12\/Consulenza-naturopatica-cose-e-come-si-svolge-400x271.png 400w, https:\/\/www.ivanaioriolistica.com\/home\/wp-content\/uploads\/2023\/12\/Consulenza-naturopatica-cose-e-come-si-svolge.png 600w\" data-sizes=\"auto\" \/><div class=\"fusion-rollover\">\n\t<div class=\"fusion-rollover-content\">\n\n\t\t\t\t\n\t\t\n\t\t\t\t\t\t\t\t\n\t\t\t\t\t\t\t\t\n\t\t\n\t\t\t\t\t\t<a class=\"fusion-link-wrapper\" href=\"https:\/\/www.ivanaioriolistica.com\/home\/consulenza-naturopatica-cose-e-come-si-svolge\/\" aria-label=\"Consulenza naturopatica: cos&#8217;\u00e8 e come si svolge?\"><\/a>\n\t<\/div>\n<\/div>\n<\/div>\n<\/li>\n\t\t\t\n\t\t\t\n\t\t\t\t\t\t\t\t\t\t\t\t\t\t\t\t\t\t\t\t\t\t\t\t\t\t\t\t\t\t\t\t\t\t\t\t\t\t\t\t\t\t\t\t\t\t\t\t\t\t\t\t\t\t\t\t\t\t\t\t\t\t\t\t\t\t\t\t<\/ul>\n\t<\/div>\n\t<div class=\"fusion-post-content-wrapper\" style=\"padding:20px 0 0 0;\"><div class=\"fusion-post-content post-content\"><h2 class=\"blog-shortcode-post-title entry-title\"><a href=\"https:\/\/www.ivanaioriolistica.com\/home\/consulenza-naturopatica-cose-e-come-si-svolge\/\">Consulenza naturopatica: cos&#8217;\u00e8 e come si svolge?<\/a><\/h2><p class=\"fusion-single-line-meta\"><span class=\"vcard\" style=\"display: none;\"><span class=\"fn\"><a href=\"https:\/\/www.ivanaioriolistica.com\/home\/author\/luisella-scanu\/\" title=\"Articoli scritti da Ivana Iori\" rel=\"author\">Ivana Iori<\/a><\/span><\/span><span class=\"updated\" style=\"display:none;\">2023-12-18T17:08:55+01:00<\/span><span>17 Dicembre 2023<\/span><span class=\"fusion-inline-sep\">|<\/span>Categorie: <a href=\"https:\/\/www.ivanaioriolistica.com\/home\/category\/news\/\" rel=\"category tag\">News<\/a><span class=\"fusion-inline-sep\">|<\/span><\/p><div class=\"fusion-content-sep sep-none\" style=\"border-color:rgba(235,234,234,0);\"><\/div><div class=\"fusion-post-content-container\"><p>In questo articolo, delineo gli aspetti principali della consulenza naturopatica e spiego cos'\u00e8 e come si svolge. La consulenza naturopatica applica una metodologia che considera l'individuo nella sua totalit\u00e0, integrando<\/p><\/div><\/div><div class=\"fusion-meta-info\"><div class=\"fusion-alignleft\"><a class=\"fusion-read-more\" href=\"https:\/\/www.ivanaioriolistica.com\/home\/consulenza-naturopatica-cose-e-come-si-svolge\/\" aria-label=\"More on Consulenza naturopatica: cos&#8217;\u00e8 e come si svolge?\">Leggi di pi\u00f9<\/a><\/div><\/div><\/div><div class=\"fusion-clearfix\"><\/div><\/div>\n<\/article>\n<article id=\"blog-1-post-2125\" class=\"fusion-post-grid post-2125 post type-post status-publish format-standard has-post-thumbnail hentry category-consigli\">\n<div class=\"fusion-post-wrapper\" style=\"background-color:rgba(255,255,255,0);border:none;\">\n\n\t\t\t<div class=\"fusion-flexslider flexslider fusion-flexslider-loading fusion-post-slideshow\" style=\"border-color:rgba(235,234,234,0);\">\n\t\t<ul class=\"slides\">\n\t\t\t\n\t\t\t\t\t\t\t\t\t\t\t\t\t\t<li><div  class=\"fusion-image-wrapper\" aria-haspopup=\"true\">\n\t\t\t\t<img decoding=\"async\" width=\"800\" height=\"542\" src=\"https:\/\/www.ivanaioriolistica.com\/home\/wp-content\/uploads\/2023\/11\/Come-usare-propoli-e-zenzero-per-mal-di-gola.png\" class=\"attachment-full size-full lazyload wp-post-image\" alt=\"Come usare propoli e zenzero per mal di gola\" srcset=\"data:image\/svg+xml,%3Csvg%20xmlns%3D%27http%3A%2F%2Fwww.w3.org%2F2000%2Fsvg%27%20width%3D%27800%27%20height%3D%27542%27%20viewBox%3D%270%200%20800%20542%27%3E%3Crect%20width%3D%27800%27%20height%3D%27542%27%20fill-opacity%3D%220%22%2F%3E%3C%2Fsvg%3E\" data-orig-src=\"https:\/\/www.ivanaioriolistica.com\/home\/wp-content\/uploads\/2023\/11\/Come-usare-propoli-e-zenzero-per-mal-di-gola.png\" data-srcset=\"https:\/\/www.ivanaioriolistica.com\/home\/wp-content\/uploads\/2023\/11\/Come-usare-propoli-e-zenzero-per-mal-di-gola-200x136.png 200w, https:\/\/www.ivanaioriolistica.com\/home\/wp-content\/uploads\/2023\/11\/Come-usare-propoli-e-zenzero-per-mal-di-gola-400x271.png 400w, https:\/\/www.ivanaioriolistica.com\/home\/wp-content\/uploads\/2023\/11\/Come-usare-propoli-e-zenzero-per-mal-di-gola-600x407.png 600w, https:\/\/www.ivanaioriolistica.com\/home\/wp-content\/uploads\/2023\/11\/Come-usare-propoli-e-zenzero-per-mal-di-gola.png 800w\" data-sizes=\"auto\" \/><div class=\"fusion-rollover\">\n\t<div class=\"fusion-rollover-content\">\n\n\t\t\t\t\n\t\t\n\t\t\t\t\t\t\t\t\n\t\t\t\t\t\t\t\t\n\t\t\n\t\t\t\t\t\t<a class=\"fusion-link-wrapper\" href=\"https:\/\/www.ivanaioriolistica.com\/home\/come-usare-propoli-e-zenzero-per-mal-di-gola\/\" aria-label=\"Come usare propoli e zenzero per il mal di gola?\"><\/a>\n\t<\/div>\n<\/div>\n<\/div>\n<\/li>\n\t\t\t\n\t\t\t\n\t\t\t\t\t\t\t\t\t\t\t\t\t\t\t\t\t\t\t\t\t\t\t\t\t\t\t\t\t\t\t\t\t\t\t\t\t\t\t\t\t\t\t\t\t\t\t\t\t\t\t\t\t\t\t\t\t\t\t\t\t\t\t\t\t\t\t\t<\/ul>\n\t<\/div>\n\t<div class=\"fusion-post-content-wrapper\" style=\"padding:20px 0 0 0;\"><div class=\"fusion-post-content post-content\"><h2 class=\"blog-shortcode-post-title entry-title\"><a href=\"https:\/\/www.ivanaioriolistica.com\/home\/come-usare-propoli-e-zenzero-per-mal-di-gola\/\">Come usare propoli e zenzero per il mal di gola?<\/a><\/h2><p class=\"fusion-single-line-meta\"><span class=\"vcard\" style=\"display: none;\"><span class=\"fn\"><a href=\"https:\/\/www.ivanaioriolistica.com\/home\/author\/luisella-scanu\/\" title=\"Articoli scritti da Ivana Iori\" rel=\"author\">Ivana Iori<\/a><\/span><\/span><span class=\"updated\" style=\"display:none;\">2023-11-23T17:26:27+01:00<\/span><span>22 Novembre 2023<\/span><span class=\"fusion-inline-sep\">|<\/span>Categorie: <a href=\"https:\/\/www.ivanaioriolistica.com\/home\/category\/consigli\/\" rel=\"category tag\">Consigli<\/a><span class=\"fusion-inline-sep\">|<\/span><\/p><div class=\"fusion-content-sep sep-none\" style=\"border-color:rgba(235,234,234,0);\"><\/div><div class=\"fusion-post-content-container\"><p>In questo articolo ti consiglio come usare propoli e zenzero per il mal di gola e spiego il suo utilizzo in naturopatia per dare sollievo alla zona interessata e favorire<\/p><\/div><\/div><div class=\"fusion-meta-info\"><div class=\"fusion-alignleft\"><a class=\"fusion-read-more\" href=\"https:\/\/www.ivanaioriolistica.com\/home\/come-usare-propoli-e-zenzero-per-mal-di-gola\/\" aria-label=\"More on Come usare propoli e zenzero per il mal di gola?\">Leggi di pi\u00f9<\/a><\/div><\/div><\/div><div class=\"fusion-clearfix\"><\/div><\/div>\n<\/article>\n<article id=\"blog-1-post-2112\" class=\"fusion-post-grid post-2112 post type-post status-publish format-standard has-post-thumbnail hentry category-consigli\">\n<div class=\"fusion-post-wrapper\" style=\"background-color:rgba(255,255,255,0);border:none;\">\n\n\t\t\t<div class=\"fusion-flexslider flexslider fusion-flexslider-loading fusion-post-slideshow\" style=\"border-color:rgba(235,234,234,0);\">\n\t\t<ul class=\"slides\">\n\t\t\t\n\t\t\t\t\t\t\t\t\t\t\t\t\t\t<li><div  class=\"fusion-image-wrapper\" aria-haspopup=\"true\">\n\t\t\t\t<img decoding=\"async\" width=\"800\" height=\"542\" src=\"https:\/\/www.ivanaioriolistica.com\/home\/wp-content\/uploads\/2023\/11\/Cosa-mangiare-nel-cambio-stagione-in-autunno.png\" class=\"attachment-full size-full lazyload wp-post-image\" alt=\"Cosa mangiare nel cambio stagione in autunno?\" srcset=\"data:image\/svg+xml,%3Csvg%20xmlns%3D%27http%3A%2F%2Fwww.w3.org%2F2000%2Fsvg%27%20width%3D%27800%27%20height%3D%27542%27%20viewBox%3D%270%200%20800%20542%27%3E%3Crect%20width%3D%27800%27%20height%3D%27542%27%20fill-opacity%3D%220%22%2F%3E%3C%2Fsvg%3E\" data-orig-src=\"https:\/\/www.ivanaioriolistica.com\/home\/wp-content\/uploads\/2023\/11\/Cosa-mangiare-nel-cambio-stagione-in-autunno.png\" data-srcset=\"https:\/\/www.ivanaioriolistica.com\/home\/wp-content\/uploads\/2023\/11\/Cosa-mangiare-nel-cambio-stagione-in-autunno-200x136.png 200w, https:\/\/www.ivanaioriolistica.com\/home\/wp-content\/uploads\/2023\/11\/Cosa-mangiare-nel-cambio-stagione-in-autunno-400x271.png 400w, https:\/\/www.ivanaioriolistica.com\/home\/wp-content\/uploads\/2023\/11\/Cosa-mangiare-nel-cambio-stagione-in-autunno-600x407.png 600w, https:\/\/www.ivanaioriolistica.com\/home\/wp-content\/uploads\/2023\/11\/Cosa-mangiare-nel-cambio-stagione-in-autunno.png 800w\" data-sizes=\"auto\" \/><div class=\"fusion-rollover\">\n\t<div class=\"fusion-rollover-content\">\n\n\t\t\t\t\n\t\t\n\t\t\t\t\t\t\t\t\n\t\t\t\t\t\t\t\t\n\t\t\n\t\t\t\t\t\t<a class=\"fusion-link-wrapper\" href=\"https:\/\/www.ivanaioriolistica.com\/home\/cosa-mangiare-nel-cambio-stagione-in-autunno\/\" aria-label=\"Cosa mangiare nel cambio stagione in autunno?\"><\/a>\n\t<\/div>\n<\/div>\n<\/div>\n<\/li>\n\t\t\t\n\t\t\t\n\t\t\t\t\t\t\t\t\t\t\t\t\t\t\t\t\t\t\t\t\t\t\t\t\t\t\t\t\t\t\t\t\t\t\t\t\t\t\t\t\t\t\t\t\t\t\t\t\t\t\t\t\t\t\t\t\t\t\t\t\t\t\t\t\t\t\t\t<\/ul>\n\t<\/div>\n\t<div class=\"fusion-post-content-wrapper\" style=\"padding:20px 0 0 0;\"><div class=\"fusion-post-content post-content\"><h2 class=\"blog-shortcode-post-title entry-title\"><a href=\"https:\/\/www.ivanaioriolistica.com\/home\/cosa-mangiare-nel-cambio-stagione-in-autunno\/\">Cosa mangiare nel cambio stagione in autunno?<\/a><\/h2><p class=\"fusion-single-line-meta\"><span class=\"vcard\" style=\"display: none;\"><span class=\"fn\"><a href=\"https:\/\/www.ivanaioriolistica.com\/home\/author\/luisella-scanu\/\" title=\"Articoli scritti da Ivana Iori\" rel=\"author\">Ivana Iori<\/a><\/span><\/span><span class=\"updated\" style=\"display:none;\">2023-11-22T20:05:15+01:00<\/span><span>8 Novembre 2023<\/span><span class=\"fusion-inline-sep\">|<\/span>Categorie: <a href=\"https:\/\/www.ivanaioriolistica.com\/home\/category\/consigli\/\" rel=\"category tag\">Consigli<\/a><span class=\"fusion-inline-sep\">|<\/span><\/p><div class=\"fusion-content-sep sep-none\" style=\"border-color:rgba(235,234,234,0);\"><\/div><div class=\"fusion-post-content-container\"><p>In questo articolo ti consiglio cosa mangiare nel cambio stagione in autunno. La transizione verso l\u2019autunno pu\u00f2 essere vissuta con serenit\u00e0 e benessere grazie a un'alimentazione equilibrata e consapevole, ricca<\/p><\/div><\/div><div class=\"fusion-meta-info\"><div class=\"fusion-alignleft\"><a class=\"fusion-read-more\" href=\"https:\/\/www.ivanaioriolistica.com\/home\/cosa-mangiare-nel-cambio-stagione-in-autunno\/\" aria-label=\"More on Cosa mangiare nel cambio stagione in autunno?\">Leggi di pi\u00f9<\/a><\/div><\/div><\/div><div class=\"fusion-clearfix\"><\/div><\/div>\n<\/article>\n<article id=\"blog-1-post-2032\" class=\"fusion-post-grid post-2032 post type-post status-publish format-standard has-post-thumbnail hentry category-massaggi\">\n<div class=\"fusion-post-wrapper\" style=\"background-color:rgba(255,255,255,0);border:none;\">\n\n\t\t\t<div class=\"fusion-flexslider flexslider fusion-flexslider-loading fusion-post-slideshow\" style=\"border-color:rgba(235,234,234,0);\">\n\t\t<ul class=\"slides\">\n\t\t\t\n\t\t\t\t\t\t\t\t\t\t\t\t\t\t<li><div  class=\"fusion-image-wrapper\" aria-haspopup=\"true\">\n\t\t\t\t<img decoding=\"async\" width=\"800\" height=\"542\" src=\"https:\/\/www.ivanaioriolistica.com\/home\/wp-content\/uploads\/2023\/03\/Massaggio-Linfodrenante-Ivana-Iori-Naturopata-1.jpg\" class=\"attachment-full size-full lazyload wp-post-image\" alt=\"Massaggio-Linfodrenante-Ivana-Iori-Naturopata\" srcset=\"data:image\/svg+xml,%3Csvg%20xmlns%3D%27http%3A%2F%2Fwww.w3.org%2F2000%2Fsvg%27%20width%3D%27800%27%20height%3D%27542%27%20viewBox%3D%270%200%20800%20542%27%3E%3Crect%20width%3D%27800%27%20height%3D%27542%27%20fill-opacity%3D%220%22%2F%3E%3C%2Fsvg%3E\" data-orig-src=\"https:\/\/www.ivanaioriolistica.com\/home\/wp-content\/uploads\/2023\/03\/Massaggio-Linfodrenante-Ivana-Iori-Naturopata-1.jpg\" data-srcset=\"https:\/\/www.ivanaioriolistica.com\/home\/wp-content\/uploads\/2023\/03\/Massaggio-Linfodrenante-Ivana-Iori-Naturopata-1-200x136.jpg 200w, https:\/\/www.ivanaioriolistica.com\/home\/wp-content\/uploads\/2023\/03\/Massaggio-Linfodrenante-Ivana-Iori-Naturopata-1-400x271.jpg 400w, https:\/\/www.ivanaioriolistica.com\/home\/wp-content\/uploads\/2023\/03\/Massaggio-Linfodrenante-Ivana-Iori-Naturopata-1-600x407.jpg 600w, https:\/\/www.ivanaioriolistica.com\/home\/wp-content\/uploads\/2023\/03\/Massaggio-Linfodrenante-Ivana-Iori-Naturopata-1.jpg 800w\" data-sizes=\"auto\" \/><div class=\"fusion-rollover\">\n\t<div class=\"fusion-rollover-content\">\n\n\t\t\t\t\n\t\t\n\t\t\t\t\t\t\t\t\n\t\t\t\t\t\t\t\t\n\t\t\n\t\t\t\t\t\t<a class=\"fusion-link-wrapper\" href=\"https:\/\/www.ivanaioriolistica.com\/home\/massaggio-linfodrenante\/\" aria-label=\"Massaggio Linfodrenante\"><\/a>\n\t<\/div>\n<\/div>\n<\/div>\n<\/li>\n\t\t\t\n\t\t\t\n\t\t\t\t\t\t\t\t\t\t\t\t\t\t\t\t\t\t\t\t\t\t\t\t\t\t\t\t\t\t\t\t\t\t\t\t\t\t\t\t\t\t\t\t\t\t\t\t\t\t\t\t\t\t\t\t\t\t\t\t\t\t\t\t\t\t\t\t<\/ul>\n\t<\/div>\n\t<div class=\"fusion-post-content-wrapper\" style=\"padding:20px 0 0 0;\"><div class=\"fusion-post-content post-content\"><h2 class=\"blog-shortcode-post-title entry-title\"><a href=\"https:\/\/www.ivanaioriolistica.com\/home\/massaggio-linfodrenante\/\">Massaggio Linfodrenante<\/a><\/h2><p class=\"fusion-single-line-meta\"><span class=\"vcard\" style=\"display: none;\"><span class=\"fn\"><a href=\"https:\/\/www.ivanaioriolistica.com\/home\/author\/luisella-scanu\/\" title=\"Articoli scritti da Ivana Iori\" rel=\"author\">Ivana Iori<\/a><\/span><\/span><span class=\"updated\" style=\"display:none;\">2025-08-08T20:21:29+02:00<\/span><span>6 Marzo 2023<\/span><span class=\"fusion-inline-sep\">|<\/span>Categorie: <a href=\"https:\/\/www.ivanaioriolistica.com\/home\/category\/massaggi\/\" rel=\"category tag\">Massaggi<\/a><span class=\"fusion-inline-sep\">|<\/span><\/p><div class=\"fusion-content-sep sep-none\" style=\"border-color:rgba(235,234,234,0);\"><\/div><div class=\"fusion-post-content-container\"><p>Il massaggio linfodrenante \u00e8 una tecnica di massaggio che stimola e migliora la circolazione linfatica, riducendo la ritenzione idrica. In questo articolo ti guider\u00f2 alla scoperta di questa tecnica di\u00a0massaggio<\/p><\/div><\/div><div class=\"fusion-meta-info\"><div class=\"fusion-alignleft\"><a class=\"fusion-read-more\" href=\"https:\/\/www.ivanaioriolistica.com\/home\/massaggio-linfodrenante\/\" aria-label=\"More on Massaggio Linfodrenante\">Leggi di pi\u00f9<\/a><\/div><\/div><\/div><div class=\"fusion-clearfix\"><\/div><\/div>\n<\/article>\n<article id=\"blog-1-post-2034\" class=\"fusion-post-grid post-2034 post type-post status-publish format-standard has-post-thumbnail hentry category-massaggi\">\n<div class=\"fusion-post-wrapper\" style=\"background-color:rgba(255,255,255,0);border:none;\">\n\n\t\t\t<div class=\"fusion-flexslider flexslider fusion-flexslider-loading fusion-post-slideshow\" style=\"border-color:rgba(235,234,234,0);\">\n\t\t<ul class=\"slides\">\n\t\t\t\n\t\t\t\t\t\t\t\t\t\t\t\t\t\t<li><div  class=\"fusion-image-wrapper\" aria-haspopup=\"true\">\n\t\t\t\t<img decoding=\"async\" width=\"800\" height=\"542\" src=\"https:\/\/www.ivanaioriolistica.com\/home\/wp-content\/uploads\/2023\/03\/Massaggio-Madera-Viso-Ivana-Iori-Naturopata-1.jpg\" class=\"attachment-full size-full lazyload wp-post-image\" alt=\"Massaggio-Madera-Viso-Ivana-Iori-Naturopata\" srcset=\"data:image\/svg+xml,%3Csvg%20xmlns%3D%27http%3A%2F%2Fwww.w3.org%2F2000%2Fsvg%27%20width%3D%27800%27%20height%3D%27542%27%20viewBox%3D%270%200%20800%20542%27%3E%3Crect%20width%3D%27800%27%20height%3D%27542%27%20fill-opacity%3D%220%22%2F%3E%3C%2Fsvg%3E\" data-orig-src=\"https:\/\/www.ivanaioriolistica.com\/home\/wp-content\/uploads\/2023\/03\/Massaggio-Madera-Viso-Ivana-Iori-Naturopata-1.jpg\" data-srcset=\"https:\/\/www.ivanaioriolistica.com\/home\/wp-content\/uploads\/2023\/03\/Massaggio-Madera-Viso-Ivana-Iori-Naturopata-1-200x136.jpg 200w, https:\/\/www.ivanaioriolistica.com\/home\/wp-content\/uploads\/2023\/03\/Massaggio-Madera-Viso-Ivana-Iori-Naturopata-1-400x271.jpg 400w, https:\/\/www.ivanaioriolistica.com\/home\/wp-content\/uploads\/2023\/03\/Massaggio-Madera-Viso-Ivana-Iori-Naturopata-1-600x407.jpg 600w, https:\/\/www.ivanaioriolistica.com\/home\/wp-content\/uploads\/2023\/03\/Massaggio-Madera-Viso-Ivana-Iori-Naturopata-1.jpg 800w\" data-sizes=\"auto\" \/><div class=\"fusion-rollover\">\n\t<div class=\"fusion-rollover-content\">\n\n\t\t\t\t\n\t\t\n\t\t\t\t\t\t\t\t\n\t\t\t\t\t\t\t\t\n\t\t\n\t\t\t\t\t\t<a class=\"fusion-link-wrapper\" href=\"https:\/\/www.ivanaioriolistica.com\/home\/madera-massaje-viso\/\" aria-label=\"Madera Massaje Viso\"><\/a>\n\t<\/div>\n<\/div>\n<\/div>\n<\/li>\n\t\t\t\n\t\t\t\n\t\t\t\t\t\t\t\t\t\t\t\t\t\t\t\t\t\t\t\t\t\t\t\t\t\t\t\t\t\t\t\t\t\t\t\t\t\t\t\t\t\t\t\t\t\t\t\t\t\t\t\t\t\t\t\t\t\t\t\t\t\t\t\t\t\t\t\t<\/ul>\n\t<\/div>\n\t<div class=\"fusion-post-content-wrapper\" style=\"padding:20px 0 0 0;\"><div class=\"fusion-post-content post-content\"><h2 class=\"blog-shortcode-post-title entry-title\"><a href=\"https:\/\/www.ivanaioriolistica.com\/home\/madera-massaje-viso\/\">Madera Massaje Viso<\/a><\/h2><p class=\"fusion-single-line-meta\"><span class=\"vcard\" style=\"display: none;\"><span class=\"fn\"><a href=\"https:\/\/www.ivanaioriolistica.com\/home\/author\/luisella-scanu\/\" title=\"Articoli scritti da Ivana Iori\" rel=\"author\">Ivana Iori<\/a><\/span><\/span><span class=\"updated\" style=\"display:none;\">2025-08-08T20:22:11+02:00<\/span><span>6 Marzo 2023<\/span><span class=\"fusion-inline-sep\">|<\/span>Categorie: <a href=\"https:\/\/www.ivanaioriolistica.com\/home\/category\/massaggi\/\" rel=\"category tag\">Massaggi<\/a><span class=\"fusion-inline-sep\">|<\/span><\/p><div class=\"fusion-content-sep sep-none\" style=\"border-color:rgba(235,234,234,0);\"><\/div><div class=\"fusion-post-content-container\"><p>Se senti\u00a0 la tua pelle del viso stanca e spenta, \u00e8 arrivato il momento di coccolarti con un trattamento viso mirato, non invasivo: il massaggio Madera Massaje Viso. Si tratta<\/p><\/div><\/div><div class=\"fusion-meta-info\"><div class=\"fusion-alignleft\"><a class=\"fusion-read-more\" href=\"https:\/\/www.ivanaioriolistica.com\/home\/madera-massaje-viso\/\" aria-label=\"More on Madera Massaje Viso\">Leggi di pi\u00f9<\/a><\/div><\/div><\/div><div class=\"fusion-clearfix\"><\/div><\/div>\n<\/article>\n<article id=\"blog-1-post-2030\" class=\"fusion-post-grid post-2030 post type-post status-publish format-standard has-post-thumbnail hentry category-massaggi\">\n<div class=\"fusion-post-wrapper\" style=\"background-color:rgba(255,255,255,0);border:none;\">\n\n\t\t\t<div class=\"fusion-flexslider flexslider fusion-flexslider-loading fusion-post-slideshow\" style=\"border-color:rgba(235,234,234,0);\">\n\t\t<ul class=\"slides\">\n\t\t\t\n\t\t\t\t\t\t\t\t\t\t\t\t\t\t<li><div  class=\"fusion-image-wrapper\" aria-haspopup=\"true\">\n\t\t\t\t<img decoding=\"async\" width=\"800\" height=\"542\" src=\"https:\/\/www.ivanaioriolistica.com\/home\/wp-content\/uploads\/2023\/03\/Massaggio-Ayurvedico-Ivana-Iori-Naturopata-1.jpg\" class=\"attachment-full size-full lazyload wp-post-image\" alt=\"Massaggio Ayurvedico\" srcset=\"data:image\/svg+xml,%3Csvg%20xmlns%3D%27http%3A%2F%2Fwww.w3.org%2F2000%2Fsvg%27%20width%3D%27800%27%20height%3D%27542%27%20viewBox%3D%270%200%20800%20542%27%3E%3Crect%20width%3D%27800%27%20height%3D%27542%27%20fill-opacity%3D%220%22%2F%3E%3C%2Fsvg%3E\" data-orig-src=\"https:\/\/www.ivanaioriolistica.com\/home\/wp-content\/uploads\/2023\/03\/Massaggio-Ayurvedico-Ivana-Iori-Naturopata-1.jpg\" data-srcset=\"https:\/\/www.ivanaioriolistica.com\/home\/wp-content\/uploads\/2023\/03\/Massaggio-Ayurvedico-Ivana-Iori-Naturopata-1-200x136.jpg 200w, https:\/\/www.ivanaioriolistica.com\/home\/wp-content\/uploads\/2023\/03\/Massaggio-Ayurvedico-Ivana-Iori-Naturopata-1-400x271.jpg 400w, https:\/\/www.ivanaioriolistica.com\/home\/wp-content\/uploads\/2023\/03\/Massaggio-Ayurvedico-Ivana-Iori-Naturopata-1-600x407.jpg 600w, https:\/\/www.ivanaioriolistica.com\/home\/wp-content\/uploads\/2023\/03\/Massaggio-Ayurvedico-Ivana-Iori-Naturopata-1.jpg 800w\" data-sizes=\"auto\" \/><div class=\"fusion-rollover\">\n\t<div class=\"fusion-rollover-content\">\n\n\t\t\t\t\n\t\t\n\t\t\t\t\t\t\t\t\n\t\t\t\t\t\t\t\t\n\t\t\n\t\t\t\t\t\t<a class=\"fusion-link-wrapper\" href=\"https:\/\/www.ivanaioriolistica.com\/home\/massaggio-ayurvedico\/\" aria-label=\"Massaggio Ayurvedico\"><\/a>\n\t<\/div>\n<\/div>\n<\/div>\n<\/li>\n\t\t\t\n\t\t\t\n\t\t\t\t\t\t\t\t\t\t\t\t\t\t\t\t\t\t\t\t\t\t\t\t\t\t\t\t\t\t\t\t\t\t\t\t\t\t\t\t\t\t\t\t\t\t\t\t\t\t\t\t\t\t\t\t\t\t\t\t\t\t\t\t\t\t\t\t<\/ul>\n\t<\/div>\n\t<div class=\"fusion-post-content-wrapper\" style=\"padding:20px 0 0 0;\"><div class=\"fusion-post-content post-content\"><h2 class=\"blog-shortcode-post-title entry-title\"><a href=\"https:\/\/www.ivanaioriolistica.com\/home\/massaggio-ayurvedico\/\">Massaggio Ayurvedico<\/a><\/h2><p class=\"fusion-single-line-meta\"><span class=\"vcard\" style=\"display: none;\"><span class=\"fn\"><a href=\"https:\/\/www.ivanaioriolistica.com\/home\/author\/luisella-scanu\/\" title=\"Articoli scritti da Ivana Iori\" rel=\"author\">Ivana Iori<\/a><\/span><\/span><span class=\"updated\" style=\"display:none;\">2025-08-08T20:19:01+02:00<\/span><span>5 Marzo 2023<\/span><span class=\"fusion-inline-sep\">|<\/span>Categorie: <a href=\"https:\/\/www.ivanaioriolistica.com\/home\/category\/massaggi\/\" rel=\"category tag\">Massaggi<\/a><span class=\"fusion-inline-sep\">|<\/span><\/p><div class=\"fusion-content-sep sep-none\" style=\"border-color:rgba(235,234,234,0);\"><\/div><div class=\"fusion-post-content-container\"><p>Il massaggio ayurvedico \u00e8 una tecnica di massaggio delicata che ha come obiettivo principale il miglioramento della circolazione sanguigna e dei fluidi vitali, contribuendo cos\u00ec al benessere dell'organismo. Le origini<\/p><\/div><\/div><div class=\"fusion-meta-info\"><div class=\"fusion-alignleft\"><a class=\"fusion-read-more\" href=\"https:\/\/www.ivanaioriolistica.com\/home\/massaggio-ayurvedico\/\" aria-label=\"More on Massaggio Ayurvedico\">Leggi di pi\u00f9<\/a><\/div><\/div><\/div><div class=\"fusion-clearfix\"><\/div><\/div>\n<\/article>\n<article id=\"blog-1-post-2028\" class=\"fusion-post-grid post-2028 post type-post status-publish format-standard has-post-thumbnail hentry category-massaggi\">\n<div class=\"fusion-post-wrapper\" style=\"background-color:rgba(255,255,255,0);border:none;\">\n\n\t\t\t<div class=\"fusion-flexslider flexslider fusion-flexslider-loading fusion-post-slideshow\" style=\"border-color:rgba(235,234,234,0);\">\n\t\t<ul class=\"slides\">\n\t\t\t\n\t\t\t\t\t\t\t\t\t\t\t\t\t\t<li><div  class=\"fusion-image-wrapper\" aria-haspopup=\"true\">\n\t\t\t\t<img decoding=\"async\" width=\"800\" height=\"542\" src=\"https:\/\/www.ivanaioriolistica.com\/home\/wp-content\/uploads\/2023\/03\/Massaggio-Madera-corpo-Ivana-Iori-Naturopata-1.jpg\" class=\"attachment-full size-full lazyload wp-post-image\" alt=\"Massaggio-Madera corpo-Ivana-Iori-Naturopata\" srcset=\"data:image\/svg+xml,%3Csvg%20xmlns%3D%27http%3A%2F%2Fwww.w3.org%2F2000%2Fsvg%27%20width%3D%27800%27%20height%3D%27542%27%20viewBox%3D%270%200%20800%20542%27%3E%3Crect%20width%3D%27800%27%20height%3D%27542%27%20fill-opacity%3D%220%22%2F%3E%3C%2Fsvg%3E\" data-orig-src=\"https:\/\/www.ivanaioriolistica.com\/home\/wp-content\/uploads\/2023\/03\/Massaggio-Madera-corpo-Ivana-Iori-Naturopata-1.jpg\" data-srcset=\"https:\/\/www.ivanaioriolistica.com\/home\/wp-content\/uploads\/2023\/03\/Massaggio-Madera-corpo-Ivana-Iori-Naturopata-1-200x136.jpg 200w, https:\/\/www.ivanaioriolistica.com\/home\/wp-content\/uploads\/2023\/03\/Massaggio-Madera-corpo-Ivana-Iori-Naturopata-1-400x271.jpg 400w, https:\/\/www.ivanaioriolistica.com\/home\/wp-content\/uploads\/2023\/03\/Massaggio-Madera-corpo-Ivana-Iori-Naturopata-1-600x407.jpg 600w, https:\/\/www.ivanaioriolistica.com\/home\/wp-content\/uploads\/2023\/03\/Massaggio-Madera-corpo-Ivana-Iori-Naturopata-1.jpg 800w\" data-sizes=\"auto\" \/><div class=\"fusion-rollover\">\n\t<div class=\"fusion-rollover-content\">\n\n\t\t\t\t\n\t\t\n\t\t\t\t\t\t\t\t\n\t\t\t\t\t\t\t\t\n\t\t\n\t\t\t\t\t\t<a class=\"fusion-link-wrapper\" href=\"https:\/\/www.ivanaioriolistica.com\/home\/madera-massaje-corpo\/\" aria-label=\"Madera Massaje Corpo\"><\/a>\n\t<\/div>\n<\/div>\n<\/div>\n<\/li>\n\t\t\t\n\t\t\t\n\t\t\t\t\t\t\t\t\t\t\t\t\t\t\t\t\t\t\t\t\t\t\t\t\t\t\t\t\t\t\t\t\t\t\t\t\t\t\t\t\t\t\t\t\t\t\t\t\t\t\t\t\t\t\t\t\t\t\t\t\t\t\t\t\t\t\t\t<\/ul>\n\t<\/div>\n\t<div class=\"fusion-post-content-wrapper\" style=\"padding:20px 0 0 0;\"><div class=\"fusion-post-content post-content\"><h2 class=\"blog-shortcode-post-title entry-title\"><a href=\"https:\/\/www.ivanaioriolistica.com\/home\/madera-massaje-corpo\/\">Madera Massaje Corpo<\/a><\/h2><p class=\"fusion-single-line-meta\"><span class=\"vcard\" style=\"display: none;\"><span class=\"fn\"><a href=\"https:\/\/www.ivanaioriolistica.com\/home\/author\/luisella-scanu\/\" title=\"Articoli scritti da Ivana Iori\" rel=\"author\">Ivana Iori<\/a><\/span><\/span><span class=\"updated\" style=\"display:none;\">2023-03-21T14:17:23+01:00<\/span><span>5 Marzo 2023<\/span><span class=\"fusion-inline-sep\">|<\/span>Categorie: <a href=\"https:\/\/www.ivanaioriolistica.com\/home\/category\/massaggi\/\" rel=\"category tag\">Massaggi<\/a><span class=\"fusion-inline-sep\">|<\/span><\/p><div class=\"fusion-content-sep sep-none\" style=\"border-color:rgba(235,234,234,0);\"><\/div><div class=\"fusion-post-content-container\"><p> Massaggio Madera corpo  Il Madera Massaje Corpo \u00e8 una tecnica antichissima che ha origini orientali, nella quale si\u00a0utilizzano strumenti di legno di diverse forme e dimensioni, studiati anatomicamente<\/p><\/div><\/div><div class=\"fusion-meta-info\"><div class=\"fusion-alignleft\"><a class=\"fusion-read-more\" href=\"https:\/\/www.ivanaioriolistica.com\/home\/madera-massaje-corpo\/\" aria-label=\"More on Madera Massaje Corpo\">Leggi di pi\u00f9<\/a><\/div><\/div><\/div><div class=\"fusion-clearfix\"><\/div><\/div>\n<\/article>\n<div class=\"fusion-clearfix\"><\/div><\/div><\/div><\/div><style type=\"text\/css\">.fusion-body .fusion-builder-column-1{width:66.666666666667% !important;margin-top : 0px;margin-bottom : 0px;}.fusion-builder-column-1 > .fusion-column-wrapper {padding-top : 6% !important;padding-right : 6% !important;margin-right : 0px;padding-bottom : 6% !important;padding-left : 6% !important;margin-left : 2.88%;}@media only screen and (max-width:1024px) {.fusion-body .fusion-builder-column-1{width:100% !important;}.fusion-builder-column-1 > .fusion-column-wrapper {margin-right : 1.92%;margin-left : 1.92%;}}@media only screen and (max-width:640px) {.fusion-body .fusion-builder-column-1{width:100% !important;}.fusion-builder-column-1 > .fusion-column-wrapper {margin-right : 1.92%;margin-left : 1.92%;}}<\/style><\/div><div class=\"fusion-layout-column fusion_builder_column fusion-builder-column-2 fusion_builder_column_1_3 1_3 fusion-flex-column fusion-animated\" data-animationType=\"fadeInRight\" data-animationDuration=\"1.0\" data-animationOffset=\"top-into-view\"><div class=\"fusion-column-wrapper fusion-flex-justify-content-flex-start fusion-content-layout-column\" style=\"background-position:left top;background-repeat:no-repeat;-webkit-background-size:cover;-moz-background-size:cover;-o-background-size:cover;background-size:cover;background-color:hsla(var(--awb-color6-h),var(--awb-color6-s),calc(var(--awb-color6-l) + 13%),var(--awb-color6-a));padding: 10% 10% 0px 10%;\"><style type=\"text\/css\">@media only screen and (max-width:1024px) {.fusion-title.fusion-title-2{margin-top:0px!important; margin-right:0px!important;margin-bottom:10px!important;margin-left:0px!important;}}@media only screen and (max-width:640px) {.fusion-title.fusion-title-2{margin-top:0px!important; margin-right:0px!important;margin-bottom:10px!important; margin-left:0px!important;}}<\/style><div class=\"fusion-title title fusion-title-2 fusion-sep-none fusion-title-text fusion-title-size-div\" style=\"font-size:var(--awb-custom_typography_1-font-size);margin-top:0px;margin-right:0px;margin-bottom:10px;margin-left:0px;\"><div class=\"title-heading-left title-heading-tag fusion-responsive-typography-calculated\" style=\"font-family:var(--awb-custom_typography_1-font-family);font-weight:var(--awb-custom_typography_1-font-weight);font-style:var(--awb-custom_typography_1-font-style);margin:0;font-size:1em;letter-spacing:var(--awb-custom_typography_1-letter-spacing);text-transform:var(--awb-custom_typography_1-text-transform);color:var(--awb-color5);--fontSize:30;line-height:var(--awb-custom_typography_1-line-height);\">Categorie<\/div><\/div><ul class=\"fusion-checklist fusion-checklist-1\" style=\"font-size:16px;line-height:27.2px;\"><li style=\"background-color:rgba(255,255,255,0);\" class=\"fusion-li-item\"><span style=\"background-color:var(--awb-color5);font-size:14.08px;height:27.2px;width:27.2px;margin-right:11.2px;\" class=\"icon-wrapper circle-yes\"><i class=\"fusion-li-icon awb-yoga-heart\" style=\"color:var(--awb-color1);\" aria-hidden=\"true\"><\/i><\/span><div class=\"fusion-li-item-content\" style=\"margin-left:38.4px;color:var(--awb-color8);\">Consigli<\/div><\/li><li style=\"background-color:rgba(255,255,255,0);\" class=\"fusion-li-item\"><span style=\"background-color:var(--awb-color5);font-size:14.08px;height:27.2px;width:27.2px;margin-right:11.2px;\" class=\"icon-wrapper circle-yes\"><i class=\"fusion-li-icon awb-yoga-spa\" style=\"color:var(--awb-color1);\" aria-hidden=\"true\"><\/i><\/span><div class=\"fusion-li-item-content\" style=\"margin-left:38.4px;color:var(--awb-color8);\">\n<p>News<\/p>\n<\/div><\/li><li style=\"background-color:rgba(255,255,255,0);\" class=\"fusion-li-item\"><span style=\"background-color:var(--awb-color5);font-size:14.08px;height:27.2px;width:27.2px;margin-right:11.2px;\" class=\"icon-wrapper circle-yes\"><i class=\"fusion-li-icon awb-yoga-heart\" style=\"color:var(--awb-color1);\" aria-hidden=\"true\"><\/i><\/span><div class=\"fusion-li-item-content\" style=\"margin-left:38.4px;color:var(--awb-color8);\">\n<p>Massaggi<\/p>\n<\/div><\/li><li style=\"background-color:rgba(255,255,255,0);\" class=\"fusion-li-item\"><span style=\"background-color:var(--awb-color5);font-size:14.08px;height:27.2px;width:27.2px;margin-right:11.2px;\" class=\"icon-wrapper circle-yes\"><i class=\"fusion-li-icon fa-bread-slice fas\" style=\"color:var(--awb-color1);\" aria-hidden=\"true\"><\/i><\/span><div class=\"fusion-li-item-content\" style=\"margin-left:38.4px;color:var(--awb-color8);\">\n<p>Nutrizione e Benessere<\/p>\n<\/div><\/li><li style=\"background-color:rgba(255,255,255,0);\" class=\"fusion-li-item\"><span style=\"background-color:var(--awb-color5);font-size:14.08px;height:27.2px;width:27.2px;margin-right:11.2px;\" class=\"icon-wrapper circle-yes\"><i class=\"fusion-li-icon awb-yoga-street-view\" style=\"color:var(--awb-color1);\" aria-hidden=\"true\"><\/i><\/span><div class=\"fusion-li-item-content\" style=\"margin-left:38.4px;color:var(--awb-color8);\">\n<p>Trattamenti<\/p>\n<\/div><\/li><\/ul><div class=\"fusion-section-separator section-separator paint fusion-section-separator-1\"><div class=\"fusion-section-separator-svg\"><div class=\"fusion-paint-candy-sep fusion-section-separator-svg-bg\" style=\"background-image:url( data:image\/svg+xml;utf8,%3Csvg%20xmlns%3D%22http%3A%2F%2Fwww.w3.org%2F2000%2Fsvg%22%20version%3D%221.1%22%20width%3D%22100%25%22%20viewBox%3D%220%200%201803%2080%22%20preserveAspectRatio%3D%22none%22%20fill%3D%22rgba%28255%2C255%2C255%2C1%29%22%3E%3Cpath%20fill-rule%3D%22evenodd%22%20clip-rule%3D%22evenodd%22%20d%3D%22M0%2080H1803V26C1784.41%2025.8996%201762.68%209.75718%201738.97%209.57099C1693.26%207.04734%201626.64%205%201620%205C1613.36%205%201618.69%206.38627%201635.43%208.57938C1519.69%207.26321%201396.35%205.10623%201357.8%202.00005C1283.33%20-3.99995%20628.99%2011.0001%20613.147%2019.0001C611.092%2020.0374%20598.481%2019.7347%20581.75%2019.333C565.698%2018.9477%20545.856%2018.4714%20527.905%2019.0001C484.229%2017.4357%20343.332%2026.7%20339%2027.5C335.893%2028.0739%20354.583%2028.5402%20379.722%2029.1674C389.625%2029.4145%20400.529%2029.6866%20411.495%2030C300.112%2032.3341%20233.922%2025.2149%20204.382%2019.0001C170.16%2011.8001%2053.8682%2019.3334%200%2026.0001V80ZM931.932%2015C986.631%2011.7818%201105.82%206.01373%201144.97%208.68733C1158.02%209.57804%201148.42%209.68297%201126.58%209.92161C1113.52%2010.0644%201096.09%2010.255%201076.5%2010.6902C1056.27%2011.1397%201033.75%2011.9388%201011.4%2012.7321C982.962%2013.7411%20954.791%2014.7408%20931.932%2015Z%22%20fill%3D%22var%28--awb-color1%29%22%2F%3E%3C%2Fsvg%3E );\"><\/div><\/div><div class=\"fusion-section-separator-spacer\"><div class=\"fusion-section-separator-spacer-height\" style=\"height:80px;\"><\/div><\/div><style type=\"text\/css\">.fusion-section-separator-1 .fusion-section-separator-svg {margin-left:5.76%;margin-right:5.76%;}@media only screen and (max-width:1024px) {.fusion-section-separator-1 .fusion-section-separator-svg {margin-left:1.92%;margin-right:1.92%;}}@media only screen and (max-width:640px) {.fusion-section-separator-1 .fusion-section-separator-svg {margin-left:1.92%;margin-right:1.92%;}}.fusion-section-separator.fusion-section-separator-1 .fusion-section-separator-svg svg,.fusion-section-separator.fusion-section-separator-1 .fusion-section-separator-svg-bg{height:10;}.fusion-section-separator.fusion-section-separator-1 .fusion-section-separator-spacer-height{height:10 !important;padding-top:inherit !important;}.fusion-section-separator.fusion-section-separator-1 .fusion-section-separator-svg-bg{background-size:100% 10;}@media only screen and (max-width:1024px) { .fusion-section-separator.fusion-section-separator-1 .fusion-section-separator-svg-bg{background-size:100% 100%;} }@media only screen and (max-width:640px) { .fusion-section-separator.fusion-section-separator-1 .fusion-section-separator-svg-bg{background-size:100% 100%;} }<\/style><\/div><style type=\"text\/css\">@media only screen and (max-width:1024px) {.fusion-title.fusion-title-3{margin-top:0px!important; margin-right:0px!important;margin-bottom:10px!important;margin-left:0px!important;}}@media only screen and (max-width:640px) {.fusion-title.fusion-title-3{margin-top:0px!important; margin-right:0px!important;margin-bottom:10px!important; margin-left:0px!important;}}<\/style><div class=\"fusion-title title fusion-title-3 fusion-sep-none fusion-title-text fusion-title-size-div\" style=\"font-size:var(--awb-custom_typography_1-font-size);margin-top:0px;margin-right:0px;margin-bottom:10px;margin-left:0px;\"><div class=\"title-heading-left title-heading-tag fusion-responsive-typography-calculated\" style=\"font-family:var(--awb-custom_typography_1-font-family);font-weight:var(--awb-custom_typography_1-font-weight);font-style:var(--awb-custom_typography_1-font-style);margin:0;font-size:1em;letter-spacing:var(--awb-custom_typography_1-letter-spacing);text-transform:var(--awb-custom_typography_1-text-transform);color:var(--awb-color5);--fontSize:30;line-height:var(--awb-custom_typography_1-line-height);\">Tags<\/div><\/div><style>.fusion-tagcloud-1{justify-content:flex-start !important;gap:0px !important;}.fusion-tagcloud-1 a.tag-cloud-link{letter-spacing:0px !important;--tag-color:rgba(255, 255, 255, 0);--tag-text-color:var(--awb-color8);border-color:var(--awb-color1) !important;}.fusion-tagcloud-1 a.tag-cloud-link:hover{--tag-color-hover:var(--awb-color4);--tag-text-color-hover:var(--awb-color1);border-color:var(--awb-color4) !important;}<\/style><div class=\"fusion-tagcloud-element fusion-tagcloud-1 \"><a href=\"https:\/\/www.ivanaioriolistica.com\/home\/tag\/master-reiki\/\" class=\"tag-cloud-link tag-link-95 tag-link-position-1\" aria-label=\"master reiki (1 elemento)\">master reiki<span class=\"tag-link-count\"> (1)<\/span><\/a>\n<a href=\"https:\/\/www.ivanaioriolistica.com\/home\/tag\/reiki\/\" class=\"tag-cloud-link tag-link-94 tag-link-position-2\" aria-label=\"reiki (1 elemento)\">reiki<span class=\"tag-link-count\"> (1)<\/span><\/a>\n<a href=\"https:\/\/www.ivanaioriolistica.com\/home\/tag\/salute-psicofisica\/\" class=\"tag-cloud-link tag-link-96 tag-link-position-3\" aria-label=\"salute psicofisica (1 elemento)\">salute psicofisica<span class=\"tag-link-count\"> (1)<\/span><\/a><\/div><div class=\"fusion-section-separator section-separator paint fusion-section-separator-2\"><div class=\"fusion-section-separator-svg\"><div class=\"fusion-paint-candy-sep fusion-section-separator-svg-bg\" style=\"background-image:url( data:image\/svg+xml;utf8,%3Csvg%20xmlns%3D%22http%3A%2F%2Fwww.w3.org%2F2000%2Fsvg%22%20version%3D%221.1%22%20width%3D%22100%25%22%20viewBox%3D%220%200%201803%2080%22%20preserveAspectRatio%3D%22none%22%20fill%3D%22rgba%28255%2C255%2C255%2C1%29%22%3E%3Cpath%20fill-rule%3D%22evenodd%22%20clip-rule%3D%22evenodd%22%20d%3D%22M0%2080H1803V26C1784.41%2025.8996%201762.68%209.75718%201738.97%209.57099C1693.26%207.04734%201626.64%205%201620%205C1613.36%205%201618.69%206.38627%201635.43%208.57938C1519.69%207.26321%201396.35%205.10623%201357.8%202.00005C1283.33%20-3.99995%20628.99%2011.0001%20613.147%2019.0001C611.092%2020.0374%20598.481%2019.7347%20581.75%2019.333C565.698%2018.9477%20545.856%2018.4714%20527.905%2019.0001C484.229%2017.4357%20343.332%2026.7%20339%2027.5C335.893%2028.0739%20354.583%2028.5402%20379.722%2029.1674C389.625%2029.4145%20400.529%2029.6866%20411.495%2030C300.112%2032.3341%20233.922%2025.2149%20204.382%2019.0001C170.16%2011.8001%2053.8682%2019.3334%200%2026.0001V80ZM931.932%2015C986.631%2011.7818%201105.82%206.01373%201144.97%208.68733C1158.02%209.57804%201148.42%209.68297%201126.58%209.92161C1113.52%2010.0644%201096.09%2010.255%201076.5%2010.6902C1056.27%2011.1397%201033.75%2011.9388%201011.4%2012.7321C982.962%2013.7411%20954.791%2014.7408%20931.932%2015Z%22%20fill%3D%22var%28--awb-color1%29%22%2F%3E%3C%2Fsvg%3E );\"><\/div><\/div><div class=\"fusion-section-separator-spacer\"><div class=\"fusion-section-separator-spacer-height\" style=\"height:80px;\"><\/div><\/div><style type=\"text\/css\">.fusion-section-separator-2 .fusion-section-separator-svg {margin-left:5.76%;margin-right:5.76%;}@media only screen and (max-width:1024px) {.fusion-section-separator-2 .fusion-section-separator-svg {margin-left:1.92%;margin-right:1.92%;}}@media only screen and (max-width:640px) {.fusion-section-separator-2 .fusion-section-separator-svg {margin-left:1.92%;margin-right:1.92%;}}.fusion-section-separator.fusion-section-separator-2 .fusion-section-separator-svg svg,.fusion-section-separator.fusion-section-separator-2 .fusion-section-separator-svg-bg{height:10;}.fusion-section-separator.fusion-section-separator-2 .fusion-section-separator-spacer-height{height:10 !important;padding-top:inherit !important;}.fusion-section-separator.fusion-section-separator-2 .fusion-section-separator-svg-bg{background-size:100% 10;}@media only screen and (max-width:1024px) { .fusion-section-separator.fusion-section-separator-2 .fusion-section-separator-svg-bg{background-size:100% 100%;} }@media only screen and (max-width:640px) { .fusion-section-separator.fusion-section-separator-2 .fusion-section-separator-svg-bg{background-size:100% 100%;} }<\/style><\/div><style type=\"text\/css\">@media only screen and (max-width:1024px) {.fusion-title.fusion-title-4{margin-top:0px!important; margin-right:0px!important;margin-bottom:10px!important;margin-left:0px!important;}}@media only screen and (max-width:640px) {.fusion-title.fusion-title-4{margin-top:0px!important; margin-right:0px!important;margin-bottom:10px!important; margin-left:0px!important;}}<\/style><div class=\"fusion-title title fusion-title-4 fusion-sep-none fusion-title-text fusion-title-size-div\" style=\"font-size:var(--awb-custom_typography_1-font-size);margin-top:0px;margin-right:0px;margin-bottom:10px;margin-left:0px;\"><div class=\"title-heading-left title-heading-tag fusion-responsive-typography-calculated\" style=\"font-family:var(--awb-custom_typography_1-font-family);font-weight:var(--awb-custom_typography_1-font-weight);font-style:var(--awb-custom_typography_1-font-style);margin:0;font-size:1em;letter-spacing:var(--awb-custom_typography_1-letter-spacing);text-transform:var(--awb-custom_typography_1-text-transform);color:var(--awb-color5);--fontSize:30;line-height:var(--awb-custom_typography_1-line-height);\">Newsletter<\/div><\/div><div class=\"fusion-text fusion-text-1\"><p>Se vuoi ricevere gli aggiornamenti sulle attivit\u00e0 che porto avanti, iscriviti alla newsletter.<\/p>\n<\/div><style>.fusion-form-form-wrapper .fusion-form-789 .fusion-form-tooltip .fusion-form-tooltip-content{color:#ffffff !important;background-color:#333333 !important;border-color:#333333 !important;}<\/style><div class=\"fusion-form fusion-form-builder fusion-form-form-wrapper fusion-form-789\" data-form-id=\"789\" data-config=\"{&quot;form_id&quot;:&quot;789&quot;,&quot;form_post_id&quot;:&quot;789&quot;,&quot;post_id&quot;:2028,&quot;form_type&quot;:&quot;ajax&quot;,&quot;confirmation_type&quot;:&quot;message&quot;,&quot;redirect_url&quot;:&quot;&quot;,&quot;field_labels&quot;:{&quot;email&quot;:&quot;&quot;},&quot;field_logics&quot;:{&quot;email&quot;:&quot;&quot;},&quot;nonce_method&quot;:&quot;ajax&quot;}\"><form action=\"https:\/\/www.ivanaioriolistica.com\/home\/madera-massaje-corpo\/\" method=\"post\" class=\"fusion-form fusion-form-789\"><div class=\"fusion-fullwidth fullwidth-box fusion-builder-row-2-1 fusion-flex-container nonhundred-percent-fullwidth non-hundred-percent-height-scrolling\" style=\"background-color: rgba(255,255,255,0);background-position: center center;background-repeat: no-repeat;border-width: 0px 0px 0px 0px;border-color:var(--awb-color7);border-style:solid;\" ><div class=\"fusion-builder-row fusion-row fusion-flex-align-items-flex-start\" style=\"width:104% !important;max-width:104% !important;margin-left: calc(-4% \/ 2 );margin-right: calc(-4% \/ 2 );\"><div class=\"fusion-layout-column fusion_builder_column fusion-builder-column-3 fusion_builder_column_1_1 1_1 fusion-flex-column\"><div class=\"fusion-column-wrapper fusion-flex-justify-content-flex-start fusion-content-layout-column\" style=\"background-position:left top;background-repeat:no-repeat;-webkit-background-size:cover;-moz-background-size:cover;-o-background-size:cover;background-size:cover;padding: 0px 0px 0px 0px;\"><div class=\"fusion-form-field fusion-form-email-field fusion-form-label-above\" data-form-id=\"789\"><input type=\"email\" name=\"email\" id=\"email\" value=\"\"  class=\"fusion-form-input\" placeholder=\"Email\" data-holds-private-data=\"false\"\/><\/div><div class=\"fusion-form-field fusion-form-submit-field fusion-form-label-above\" data-form-id=\"789\"><div ><style>.fusion-body .fusion-button.button-1{border-radius:25px 25px 25px 25px;}<\/style><button type=\"submit\" class=\"fusion-button button-flat fusion-button-default-size button-default button-1 fusion-button-span-yes  form-form-submit button-default\" data-form-number=\"789\" tabindex=\"\"><span class=\"fusion-button-text\">Iscriviti<\/span><\/button><\/div><\/div><div class=\"form-submission-notices\" id=\"fusion-notices-1\"><div class=\"fusion-alert alert success alert-success fusion-alert-center fusion-form-response fusion-form-response-success fusion-alert-capitalize alert-dismissable\" role=\"alert\" style=\"background-color:hsla(calc(var(--awb-color4-h) + 120),calc(var(--awb-color4-s) + 10%),calc(var(--awb-color4-l) - 4%),var(--awb-color4-a));color:var(--awb-color1);border-color:var(--awb-color1);border-width:1px;margin-top:30px;\"><div class=\"fusion-alert-content-wrapper\"><span class=\"alert-icon\"><i class=\"awb-icon-check-circle\" aria-hidden=\"true\"><\/i><\/span><span class=\"fusion-alert-content\">Grazie per il vostro messaggio. \u00c8 stato inviato.<\/span><\/div><button type=\"button\" class=\"close toggle-alert\" data-dismiss=\"alert\" aria-label=\"Chiudi\">&times;<\/button><\/div><div class=\"fusion-alert alert error alert-danger fusion-alert-center fusion-form-response fusion-form-response-error fusion-alert-capitalize alert-dismissable\" role=\"alert\" style=\"background-color:var(--awb-color5);color:var(--awb-color1);border-color:var(--awb-color1);border-width:1px;margin-top:30px;\"><div class=\"fusion-alert-content-wrapper\"><span class=\"alert-icon\"><i class=\"awb-icon-exclamation-triangle\" aria-hidden=\"true\"><\/i><\/span><span class=\"fusion-alert-content\">Si \u00e8 verificato un errore durante l'invio del messaggio. Per favore riprova pi\u00f9 tardi.<\/span><\/div><button type=\"button\" class=\"close toggle-alert\" data-dismiss=\"alert\" aria-label=\"Chiudi\">&times;<\/button><\/div><\/div><\/div><style type=\"text\/css\">.fusion-body .fusion-builder-column-3{width:100% !important;margin-top : 0px;margin-bottom : 0px;}.fusion-builder-column-3 > .fusion-column-wrapper {padding-top : 0px !important;padding-right : 0px !important;margin-right : 1.92%;padding-bottom : 0px !important;padding-left : 0px !important;margin-left : 1.92%;}@media only screen and (max-width:1024px) {.fusion-body .fusion-builder-column-3{width:100% !important;order : 0;}.fusion-builder-column-3 > .fusion-column-wrapper {margin-right : 1.92%;margin-left : 1.92%;}}@media only screen and (max-width:640px) {.fusion-body .fusion-builder-column-3{width:100% !important;order : 0;}.fusion-builder-column-3 > .fusion-column-wrapper {margin-right : 1.92%;margin-left : 1.92%;}}<\/style><\/div><\/div><style type=\"text\/css\">.fusion-body .fusion-flex-container.fusion-builder-row-2-1{ padding-top : ;margin-top : 0px;padding-right : 0px;padding-bottom : ;margin-bottom : 0px;padding-left : 0px;}<\/style><\/div><input type=\"hidden\" name=\"fusion_privacy_store_ip_ua\" value=\"false\"><input type=\"hidden\" name=\"fusion_privacy_expiration_interval\" value=\"48\"><input type=\"hidden\" name=\"privacy_expiration_action\" value=\"anonymize\"><\/form><\/div><div class=\"fusion-section-separator section-separator clouds fusion-section-separator-3\"><div class=\"fusion-section-separator-svg\" style=\"padding:0;\"><svg class=\"fusion-clouds-candy\" xmlns=\"http:\/\/www.w3.org\/2000\/svg\" version=\"1.1\" width=\"100%\" height=\"100\" viewBox=\"0 0 100 100\" preserveAspectRatio=\"none\" style=\"padding:0;\" fill=\"rgba(193,161,88,1)\"><path d=\"M-5 100 Q 0 20 5 100 Z\"><\/path>\n\t\t\t\t\t\t\t\t<path d=\"M0 100 Q 5 0 10 100\"><\/path>\n\t\t\t\t\t\t\t\t<path d=\"M5 100 Q 10 30 15 100\"><\/path>\n\t\t\t\t\t\t\t\t<path d=\"M10 100 Q 15 10 20 100\"><\/path>\n\t\t\t\t\t\t\t\t<path d=\"M15 100 Q 20 30 25 100\"><\/path>\n\t\t\t\t\t\t\t\t<path d=\"M20 100 Q 25 -10 30 100\"><\/path>\n\t\t\t\t\t\t\t\t<path d=\"M25 100 Q 30 10 35 100\"><\/path>\n\t\t\t\t\t\t\t\t<path d=\"M30 100 Q 35 30 40 100\"><\/path>\n\t\t\t\t\t\t\t\t<path d=\"M35 100 Q 40 10 45 100\"><\/path>\n\t\t\t\t\t\t\t\t<path d=\"M40 100 Q 45 50 50 100\"><\/path>\n\t\t\t\t\t\t\t\t<path d=\"M45 100 Q 50 20 55 100\"><\/path>\n\t\t\t\t\t\t\t\t<path d=\"M50 100 Q 55 40 60 100\"><\/path>\n\t\t\t\t\t\t\t\t<path d=\"M55 100 Q 60 60 65 100\"><\/path>\n\t\t\t\t\t\t\t\t<path d=\"M60 100 Q 65 50 70 100\"><\/path>\n\t\t\t\t\t\t\t\t<path d=\"M65 100 Q 70 20 75 100\"><\/path>\n\t\t\t\t\t\t\t\t<path d=\"M70 100 Q 75 45 80 100\"><\/path>\n\t\t\t\t\t\t\t\t<path d=\"M75 100 Q 80 30 85 100\"><\/path>\n\t\t\t\t\t\t\t\t<path d=\"M80 100 Q 85 20 90 100\"><\/path>\n\t\t\t\t\t\t\t\t<path d=\"M85 100 Q 90 50 95 100\"><\/path>\n\t\t\t\t\t\t\t\t<path d=\"M90 100 Q 95 25 100 100\"><\/path>\n\t\t\t\t\t\t\t\t<path d=\"M95 100 Q 100 15 105 100 Z\"><\/path><\/svg><\/div><div class=\"fusion-section-separator-spacer\"><div class=\"fusion-section-separator-spacer-height\" style=\"height:99px;\"><\/div><\/div><style type=\"text\/css\">.fusion-section-separator.fusion-section-separator-3 .fusion-section-separator-svg svg,.fusion-section-separator.fusion-section-separator-3 .fusion-section-separator-svg-bg{height:0;}.fusion-section-separator.fusion-section-separator-3 .fusion-section-separator-spacer-height{height:0 !important;padding-top:inherit !important;}<\/style><\/div><\/div><style type=\"text\/css\">.fusion-body .fusion-builder-column-2{width:33.333333333333% !important;margin-top : 0px;margin-bottom : 0px;}.fusion-builder-column-2 > .fusion-column-wrapper {padding-top : 10% !important;padding-right : 10% !important;margin-right : 5.76%;padding-bottom : 0px !important;padding-left : 10% !important;margin-left : 5.76%;}@media only screen and (max-width:1024px) {.fusion-body .fusion-builder-column-2{width:100% !important;}.fusion-builder-column-2 > .fusion-column-wrapper {margin-right : 1.92%;margin-left : 1.92%;}}@media only screen and (max-width:640px) {.fusion-body .fusion-builder-column-2{width:100% !important;}.fusion-builder-column-2 > .fusion-column-wrapper {margin-right : 1.92%;margin-left : 1.92%;}}<\/style><\/div><\/div><style type=\"text\/css\">.fusion-body .fusion-flex-container.fusion-builder-row-2{ padding-top : ;margin-top : 0px;padding-right : 0px;padding-bottom : 0px;margin-bottom : 0px;padding-left : 0px;}<\/style><\/div><\/p>\n","protected":false},"excerpt":{"rendered":"","protected":false},"author":1,"featured_media":0,"parent":0,"menu_order":0,"comment_status":"closed","ping_status":"closed","template":"100-width.php","meta":{"_EventAllDay":false,"_EventTimezone":"","_EventStartDate":"","_EventEndDate":"","_EventStartDateUTC":"","_EventEndDateUTC":"","_EventShowMap":false,"_EventShowMapLink":false,"_EventURL":"","_EventCost":"","_EventCostDescription":"","_EventCurrencySymbol":"","_EventCurrencyCode":"","_EventCurrencyPosition":"","_EventDateTimeSeparator":"","_EventTimeRangeSeparator":"","_EventOrganizerID":[],"_EventVenueID":[],"_OrganizerEmail":"","_OrganizerPhone":"","_OrganizerWebsite":"","_VenueAddress":"","_VenueCity":"","_VenueCountry":"","_VenueProvince":"","_VenueState":"","_VenueZip":"","_VenuePhone":"","_VenueURL":"","_VenueStateProvince":"","_VenueLat":"","_VenueLng":"","_VenueShowMap":false,"_VenueShowMapLink":false,"_themeisle_gutenberg_block_has_review":false,"footnotes":""},"class_list":["post-311","page","type-page","status-publish","hentry"],"yoast_head":"<!-- This site is optimized with the Yoast SEO plugin v25.2 - https:\/\/yoast.com\/wordpress\/plugins\/seo\/ -->\n<title>Blog - Ivana Iori Olistica del Benessere - Massaggi Olbia<\/title>\n<meta name=\"robots\" content=\"index, follow, max-snippet:-1, max-image-preview:large, max-video-preview:-1\" \/>\n<link rel=\"canonical\" href=\"https:\/\/www.ivanaioriolistica.com\/home\/blog\/\" \/>\n<meta property=\"og:locale\" content=\"it_IT\" \/>\n<meta property=\"og:type\" content=\"article\" \/>\n<meta property=\"og:title\" content=\"Blog - Ivana Iori Olistica del Benessere - Massaggi Olbia\" \/>\n<meta property=\"og:url\" content=\"https:\/\/www.ivanaioriolistica.com\/home\/blog\/\" \/>\n<meta property=\"og:site_name\" content=\"Ivana Iori Olistica del Benessere - Massaggi Olbia\" \/>\n<meta property=\"article:modified_time\" content=\"2023-01-16T16:48:18+00:00\" \/>\n<meta name=\"twitter:card\" content=\"summary_large_image\" \/>\n<meta name=\"twitter:label1\" content=\"Tempo di lettura stimato\" \/>\n\t<meta name=\"twitter:data1\" content=\"7 minuti\" \/>\n<script type=\"application\/ld+json\" class=\"yoast-schema-graph\">{\"@context\":\"https:\/\/schema.org\",\"@graph\":[{\"@type\":\"WebPage\",\"@id\":\"https:\/\/www.ivanaioriolistica.com\/home\/blog\/\",\"url\":\"https:\/\/www.ivanaioriolistica.com\/home\/blog\/\",\"name\":\"Blog - Ivana Iori Olistica del Benessere - Massaggi Olbia\",\"isPartOf\":{\"@id\":\"https:\/\/www.ivanaioriolistica.com\/home\/#website\"},\"datePublished\":\"2019-10-28T08:29:35+00:00\",\"dateModified\":\"2023-01-16T16:48:18+00:00\",\"breadcrumb\":{\"@id\":\"https:\/\/www.ivanaioriolistica.com\/home\/blog\/#breadcrumb\"},\"inLanguage\":\"it-IT\",\"potentialAction\":[{\"@type\":\"ReadAction\",\"target\":[\"https:\/\/www.ivanaioriolistica.com\/home\/blog\/\"]}]},{\"@type\":\"BreadcrumbList\",\"@id\":\"https:\/\/www.ivanaioriolistica.com\/home\/blog\/#breadcrumb\",\"itemListElement\":[{\"@type\":\"ListItem\",\"position\":1,\"name\":\"Home\",\"item\":\"https:\/\/www.ivanaioriolistica.com\/home\/\"},{\"@type\":\"ListItem\",\"position\":2,\"name\":\"Blog\"}]},{\"@type\":\"WebSite\",\"@id\":\"https:\/\/www.ivanaioriolistica.com\/home\/#website\",\"url\":\"https:\/\/www.ivanaioriolistica.com\/home\/\",\"name\":\"Ivana Iori Olistica del Benessere - Massaggi Olbia\",\"description\":\"Riequilibrio Energetico e Benessere Psicofisico\",\"potentialAction\":[{\"@type\":\"SearchAction\",\"target\":{\"@type\":\"EntryPoint\",\"urlTemplate\":\"https:\/\/www.ivanaioriolistica.com\/home\/?s={search_term_string}\"},\"query-input\":{\"@type\":\"PropertyValueSpecification\",\"valueRequired\":true,\"valueName\":\"search_term_string\"}}],\"inLanguage\":\"it-IT\"}]}<\/script>\n<!-- \/ Yoast SEO plugin. -->","yoast_head_json":{"title":"Blog - Ivana Iori Olistica del Benessere - Massaggi Olbia","robots":{"index":"index","follow":"follow","max-snippet":"max-snippet:-1","max-image-preview":"max-image-preview:large","max-video-preview":"max-video-preview:-1"},"canonical":"https:\/\/www.ivanaioriolistica.com\/home\/blog\/","og_locale":"it_IT","og_type":"article","og_title":"Blog - Ivana Iori Olistica del Benessere - Massaggi Olbia","og_url":"https:\/\/www.ivanaioriolistica.com\/home\/blog\/","og_site_name":"Ivana Iori Olistica del Benessere - Massaggi Olbia","article_modified_time":"2023-01-16T16:48:18+00:00","twitter_card":"summary_large_image","twitter_misc":{"Tempo di lettura stimato":"7 minuti"},"schema":{"@context":"https:\/\/schema.org","@graph":[{"@type":"WebPage","@id":"https:\/\/www.ivanaioriolistica.com\/home\/blog\/","url":"https:\/\/www.ivanaioriolistica.com\/home\/blog\/","name":"Blog - Ivana Iori Olistica del Benessere - Massaggi Olbia","isPartOf":{"@id":"https:\/\/www.ivanaioriolistica.com\/home\/#website"},"datePublished":"2019-10-28T08:29:35+00:00","dateModified":"2023-01-16T16:48:18+00:00","breadcrumb":{"@id":"https:\/\/www.ivanaioriolistica.com\/home\/blog\/#breadcrumb"},"inLanguage":"it-IT","potentialAction":[{"@type":"ReadAction","target":["https:\/\/www.ivanaioriolistica.com\/home\/blog\/"]}]},{"@type":"BreadcrumbList","@id":"https:\/\/www.ivanaioriolistica.com\/home\/blog\/#breadcrumb","itemListElement":[{"@type":"ListItem","position":1,"name":"Home","item":"https:\/\/www.ivanaioriolistica.com\/home\/"},{"@type":"ListItem","position":2,"name":"Blog"}]},{"@type":"WebSite","@id":"https:\/\/www.ivanaioriolistica.com\/home\/#website","url":"https:\/\/www.ivanaioriolistica.com\/home\/","name":"Ivana Iori Olistica del Benessere - Massaggi Olbia","description":"Riequilibrio Energetico e Benessere Psicofisico","potentialAction":[{"@type":"SearchAction","target":{"@type":"EntryPoint","urlTemplate":"https:\/\/www.ivanaioriolistica.com\/home\/?s={search_term_string}"},"query-input":{"@type":"PropertyValueSpecification","valueRequired":true,"valueName":"search_term_string"}}],"inLanguage":"it-IT"}]}},"_links":{"self":[{"href":"https:\/\/www.ivanaioriolistica.com\/home\/wp-json\/wp\/v2\/pages\/311","targetHints":{"allow":["GET"]}}],"collection":[{"href":"https:\/\/www.ivanaioriolistica.com\/home\/wp-json\/wp\/v2\/pages"}],"about":[{"href":"https:\/\/www.ivanaioriolistica.com\/home\/wp-json\/wp\/v2\/types\/page"}],"author":[{"embeddable":true,"href":"https:\/\/www.ivanaioriolistica.com\/home\/wp-json\/wp\/v2\/users\/1"}],"replies":[{"embeddable":true,"href":"https:\/\/www.ivanaioriolistica.com\/home\/wp-json\/wp\/v2\/comments?post=311"}],"version-history":[{"count":32,"href":"https:\/\/www.ivanaioriolistica.com\/home\/wp-json\/wp\/v2\/pages\/311\/revisions"}],"predecessor-version":[{"id":1946,"href":"https:\/\/www.ivanaioriolistica.com\/home\/wp-json\/wp\/v2\/pages\/311\/revisions\/1946"}],"wp:attachment":[{"href":"https:\/\/www.ivanaioriolistica.com\/home\/wp-json\/wp\/v2\/media?parent=311"}],"curies":[{"name":"wp","href":"https:\/\/api.w.org\/{rel}","templated":true}]}}